{"id":1524,"date":"2025-02-06T08:19:54","date_gmt":"2025-02-06T08:19:54","guid":{"rendered":"https:\/\/triangl.muwit.net\/citta-cultura\/"},"modified":"2025-10-08T10:40:53","modified_gmt":"2025-10-08T10:40:53","slug":"citta-cultura","status":"publish","type":"page","link":"https:\/\/www.trianglhof.eu\/it\/citta-cultura\/","title":{"rendered":"Citt\u00e0 &amp; cultura"},"content":{"rendered":"\t\t<div data-elementor-type=\"wp-page\" data-elementor-id=\"1524\" class=\"elementor elementor-1524 elementor-248\" data-elementor-post-type=\"page\">\n\t\t\t\t<div class=\"elementor-element elementor-element-24cf2160 e-con-full as-bg-img e-flex e-con e-parent\" data-id=\"24cf2160\" data-element_type=\"container\">\n\t\t\t\t<div class=\"elementor-element elementor-element-1937e0c3 entrance-carousell75 elementor-widget elementor-widget-image-carousel\" data-id=\"1937e0c3\" data-element_type=\"widget\" data-settings=\"{&quot;slides_to_show&quot;:&quot;1&quot;,&quot;navigation&quot;:&quot;none&quot;,&quot;autoplay&quot;:&quot;yes&quot;,&quot;pause_on_hover&quot;:&quot;yes&quot;,&quot;pause_on_interaction&quot;:&quot;yes&quot;,&quot;autoplay_speed&quot;:5000,&quot;infinite&quot;:&quot;yes&quot;,&quot;effect&quot;:&quot;slide&quot;,&quot;speed&quot;:500}\" data-widget_type=\"image-carousel.default\">\n\t\t\t\t<div class=\"elementor-widget-container\">\n\t\t\t\t\t\t\t<div class=\"elementor-image-carousel-wrapper swiper\" role=\"region\" aria-roledescription=\"carousel\" aria-label=\"Bild Karussell\" dir=\"ltr\">\n\t\t\t<div class=\"elementor-image-carousel swiper-wrapper\" aria-live=\"off\">\n\t\t\t\t\t\t\t\t<div class=\"swiper-slide\" role=\"group\" aria-roledescription=\"slide\" aria-label=\"1 di 2\"><figure class=\"swiper-slide-inner\"><img decoding=\"async\" class=\"swiper-slide-image\" src=\"https:\/\/www.trianglhof.eu\/wp-content\/uploads\/2025\/05\/Stadtplatz-Bozen.jpg\" alt=\"Stadtplatz Bozen\" \/><\/figure><\/div><div class=\"swiper-slide\" role=\"group\" aria-roledescription=\"slide\" aria-label=\"2 di 2\"><figure class=\"swiper-slide-inner\"><img decoding=\"async\" class=\"swiper-slide-image\" src=\"https:\/\/www.trianglhof.eu\/wp-content\/uploads\/2025\/05\/Obstmarkt-Bozen-1.jpg\" alt=\"Obstmarkt Bozen (1)\" \/><\/figure><\/div>\t\t\t<\/div>\n\t\t\t\t\t\t\t\n\t\t\t\t\t\t\t\t\t<\/div>\n\t\t\t\t\t\t<\/div>\n\t\t\t\t<\/div>\n\t\t\t\t<\/div>\n\t\t<div class=\"elementor-element elementor-element-68e713ef e-con-full greylink container-i p-l-s p-r-s w-1850 p-b-l e-flex e-con e-parent\" data-id=\"68e713ef\" data-element_type=\"container\" data-settings=\"{&quot;background_background&quot;:&quot;classic&quot;}\">\n\t\t\t\t<div class=\"elementor-element elementor-element-72cf8b77 animated-slow h2div elementor-invisible elementor-widget elementor-widget-heading\" data-id=\"72cf8b77\" data-element_type=\"widget\" data-settings=\"{&quot;_animation&quot;:&quot;fadeIn&quot;}\" data-widget_type=\"heading.default\">\n\t\t\t\t<div class=\"elementor-widget-container\">\n\t\t\t\t\t<div class=\"elementor-heading-title elementor-size-default\">Passeggiata in citt\u00e0<\/div>\t\t\t\t<\/div>\n\t\t\t\t<\/div>\n\t\t<div class=\"elementor-element elementor-element-739a5ea0  w-1600 e-con-full e-flex e-con e-child\" data-id=\"739a5ea0\" data-element_type=\"container\">\n\t\t\t\t<div class=\"elementor-element elementor-element-6e9004e9 animated-slow p-bt-s elementor-invisible elementor-widget elementor-widget-heading\" data-id=\"6e9004e9\" data-element_type=\"widget\" data-settings=\"{&quot;_animation&quot;:&quot;fadeIn&quot;}\" data-widget_type=\"heading.default\">\n\t\t\t\t<div class=\"elementor-widget-container\">\n\t\t\t\t\t<h1 class=\"elementor-heading-title elementor-size-default\">Highlights e cultura a Bolzano <\/h1>\t\t\t\t<\/div>\n\t\t\t\t<\/div>\n\t\t<div class=\"elementor-element elementor-element-7fc00786 e-con-full e-flex e-con e-child\" data-id=\"7fc00786\" data-element_type=\"container\">\n\t\t\t\t<div class=\"elementor-element elementor-element-43f27c40 elementor-widget__width-initial textwidth p-bt-m animated-slow elementor-invisible elementor-widget elementor-widget-text-editor\" data-id=\"43f27c40\" data-element_type=\"widget\" data-settings=\"{&quot;_animation&quot;:&quot;fadeIn&quot;}\" data-widget_type=\"text-editor.default\">\n\t\t\t\t<div class=\"elementor-widget-container\">\n\t\t\t\t\t\t\t\t\t<p>Un fascino unico, tra atmosfere alpine e tocchi mediterranei: Bolzano conquista viaggiatori da tutto il mondo con la sua bellezza, la sua storia e la sua vitalit\u00e0. E il bello \u00e8 che <a href=\"https:\/\/trianglhof.eu\/it\/il-nostro-agriturismo\/\">dal Trianglhof<\/a> ci arrivate in pochi minuti \u2013 a piedi, in bici o con i mezzi pubblici.<\/p>\t\t\t\t\t\t\t\t<\/div>\n\t\t\t\t<\/div>\n\t\t\t\t<div class=\"elementor-element elementor-element-24b7c0f5 ratio149  animated-slow elementor-invisible elementor-widget elementor-widget-image\" data-id=\"24b7c0f5\" data-element_type=\"widget\" data-settings=\"{&quot;_animation&quot;:&quot;fadeIn&quot;}\" data-widget_type=\"image.default\">\n\t\t\t\t<div class=\"elementor-widget-container\">\n\t\t\t\t\t\t\t\t\t\t\t\t\t\t\t<img fetchpriority=\"high\" decoding=\"async\" width=\"1920\" height=\"1280\" src=\"https:\/\/www.trianglhof.eu\/wp-content\/uploads\/2025\/05\/Genuss_Sideshots_IDM_Suedtirol_Marketing_0436.jpg\" class=\"attachment-full size-full wp-image-1202\" alt=\"\" srcset=\"https:\/\/www.trianglhof.eu\/wp-content\/uploads\/2025\/05\/Genuss_Sideshots_IDM_Suedtirol_Marketing_0436.jpg 1920w, https:\/\/www.trianglhof.eu\/wp-content\/uploads\/2025\/05\/Genuss_Sideshots_IDM_Suedtirol_Marketing_0436-300x200.jpg 300w, https:\/\/www.trianglhof.eu\/wp-content\/uploads\/2025\/05\/Genuss_Sideshots_IDM_Suedtirol_Marketing_0436-1024x683.jpg 1024w, https:\/\/www.trianglhof.eu\/wp-content\/uploads\/2025\/05\/Genuss_Sideshots_IDM_Suedtirol_Marketing_0436-768x512.jpg 768w, https:\/\/www.trianglhof.eu\/wp-content\/uploads\/2025\/05\/Genuss_Sideshots_IDM_Suedtirol_Marketing_0436-1536x1024.jpg 1536w\" sizes=\"(max-width: 1920px) 100vw, 1920px\" \/>\t\t\t\t\t\t\t\t\t\t\t\t\t\t\t<\/div>\n\t\t\t\t<\/div>\n\t\t\t\t<\/div>\n\t\t\t\t<\/div>\n\t\t\t\t<\/div>\n\t\t<div class=\"elementor-element elementor-element-417b1c18 e-con-full greylink container-i p-l-s p-r-s w-1850 e-flex e-con e-parent\" data-id=\"417b1c18\" data-element_type=\"container\" data-settings=\"{&quot;background_background&quot;:&quot;classic&quot;}\">\n\t\t<div class=\"elementor-element elementor-element-178d668a e-con-full e-flex e-con e-child\" data-id=\"178d668a\" data-element_type=\"container\">\n\t\t<div class=\"elementor-element elementor-element-7d3e22d2 e-con-full p-r-s-des  e-flex e-con e-child\" data-id=\"7d3e22d2\" data-element_type=\"container\">\n\t\t\t\t<div class=\"elementor-element elementor-element-37662340 ratio11 animated-slow elementor-invisible elementor-widget elementor-widget-image\" data-id=\"37662340\" data-element_type=\"widget\" data-settings=\"{&quot;_animation&quot;:&quot;fadeIn&quot;}\" data-widget_type=\"image.default\">\n\t\t\t\t<div class=\"elementor-widget-container\">\n\t\t\t\t\t\t\t\t\t\t\t\t\t\t\t<img decoding=\"async\" width=\"1109\" height=\"1536\" src=\"https:\/\/www.trianglhof.eu\/wp-content\/uploads\/2025\/05\/Museum-RosengartencSAM_foto-dpi.com_-1109x1536.jpg\" class=\"attachment-1536x1536 size-1536x1536 wp-image-1212\" alt=\"\" srcset=\"https:\/\/www.trianglhof.eu\/wp-content\/uploads\/2025\/05\/Museum-RosengartencSAM_foto-dpi.com_-1109x1536.jpg 1109w, https:\/\/www.trianglhof.eu\/wp-content\/uploads\/2025\/05\/Museum-RosengartencSAM_foto-dpi.com_-217x300.jpg 217w, https:\/\/www.trianglhof.eu\/wp-content\/uploads\/2025\/05\/Museum-RosengartencSAM_foto-dpi.com_-739x1024.jpg 739w, https:\/\/www.trianglhof.eu\/wp-content\/uploads\/2025\/05\/Museum-RosengartencSAM_foto-dpi.com_-768x1064.jpg 768w, https:\/\/www.trianglhof.eu\/wp-content\/uploads\/2025\/05\/Museum-RosengartencSAM_foto-dpi.com_.jpg 1386w\" sizes=\"(max-width: 1109px) 100vw, 1109px\" \/>\t\t\t\t\t\t\t\t\t\t\t\t\t\t\t<\/div>\n\t\t\t\t<\/div>\n\t\t\t\t<\/div>\n\t\t<div class=\"elementor-element elementor-element-5777a8e9 e-con-full p-t-l-mob p-t-m-des e-flex e-con e-child\" data-id=\"5777a8e9\" data-element_type=\"container\">\n\t\t\t\t<div class=\"elementor-element elementor-element-12438143 animated-slow h2mid p-bt-s elementor-invisible elementor-widget elementor-widget-heading\" data-id=\"12438143\" data-element_type=\"widget\" data-settings=\"{&quot;_animation&quot;:&quot;fadeIn&quot;}\" data-widget_type=\"heading.default\">\n\t\t\t\t<div class=\"elementor-widget-container\">\n\t\t\t\t\t<h2 class=\"elementor-heading-title elementor-size-default\">Bolzano <br>da vivere <\/h2>\t\t\t\t<\/div>\n\t\t\t\t<\/div>\n\t\t\t\t<div class=\"elementor-element elementor-element-23110713 elementor-widget__width-initial textwidth animated-slow elementor-invisible elementor-widget elementor-widget-text-editor\" data-id=\"23110713\" data-element_type=\"widget\" data-settings=\"{&quot;_animation&quot;:&quot;fadeIn&quot;}\" data-widget_type=\"text-editor.default\">\n\t\t\t\t<div class=\"elementor-widget-container\">\n\t\t\t\t\t\t\t\t\t<p>Bolzano \u00e8 un affascinante incontro tra anima italiana e cuore germanico \u2013 un mix che si respira nell\u2019architettura e nei piatti dei ristoranti. Godetevi questa l\u2019atmosfera unica, magari con un <a href=\"https:\/\/trianglhof.eu\/it\/vino-buona-cucina\/\">aperitivo in piazza<\/a>. A proposito: lo sapevate che l\u2019Hugo \u00e8 nato proprio qui, in Alto Adige?<\/p>\t\t\t\t\t\t\t\t<\/div>\n\t\t\t\t<\/div>\n\t\t\t\t<\/div>\n\t\t\t\t<\/div>\n\t\t\t\t<\/div>\n\t\t<div class=\"elementor-element elementor-element-3fbf9af e-con-full container-i p-l-s p-r-s p-b-l  w-1600 e-flex e-con e-parent\" data-id=\"3fbf9af\" data-element_type=\"container\" data-settings=\"{&quot;background_background&quot;:&quot;classic&quot;}\">\n\t\t\t\t<div class=\"elementor-element elementor-element-0cc638f p-r-m elementor-arrows-position-inside elementor-widget elementor-widget-n-carousel\" data-id=\"0cc638f\" data-element_type=\"widget\" data-settings=\"{&quot;carousel_items&quot;:[{&quot;slide_title&quot;:&quot;Slide #1&quot;,&quot;_id&quot;:&quot;b317aaa&quot;},{&quot;slide_title&quot;:&quot;Slide #1&quot;,&quot;_id&quot;:&quot;4dbf962&quot;},{&quot;slide_title&quot;:&quot;Slide #1&quot;,&quot;_id&quot;:&quot;4d8e079&quot;},{&quot;slide_title&quot;:&quot;Slide #1&quot;,&quot;_id&quot;:&quot;81f00bc&quot;},{&quot;slide_title&quot;:&quot;Slide #1&quot;,&quot;_id&quot;:&quot;56e5da1&quot;},{&quot;slide_title&quot;:&quot;Slide #1&quot;,&quot;_id&quot;:&quot;0c6ec91&quot;},{&quot;slide_title&quot;:&quot;Slide #1&quot;,&quot;_id&quot;:&quot;b82a14a&quot;},{&quot;slide_title&quot;:&quot;Slide #1&quot;,&quot;_id&quot;:&quot;ed9ea7a&quot;}],&quot;slides_to_show&quot;:&quot;1&quot;,&quot;slides_to_show_tablet&quot;:&quot;1&quot;,&quot;slides_to_show_mobile&quot;:&quot;1&quot;,&quot;autoplay&quot;:&quot;yes&quot;,&quot;autoplay_speed&quot;:5000,&quot;pause_on_hover&quot;:&quot;yes&quot;,&quot;pause_on_interaction&quot;:&quot;yes&quot;,&quot;infinite&quot;:&quot;yes&quot;,&quot;speed&quot;:500,&quot;offset_sides&quot;:&quot;none&quot;,&quot;arrows&quot;:&quot;yes&quot;,&quot;image_spacing_custom&quot;:{&quot;unit&quot;:&quot;px&quot;,&quot;size&quot;:10,&quot;sizes&quot;:[]},&quot;image_spacing_custom_tablet&quot;:{&quot;unit&quot;:&quot;px&quot;,&quot;size&quot;:&quot;&quot;,&quot;sizes&quot;:[]},&quot;image_spacing_custom_mobile&quot;:{&quot;unit&quot;:&quot;px&quot;,&quot;size&quot;:&quot;&quot;,&quot;sizes&quot;:[]}}\" data-widget_type=\"nested-carousel.default\">\n\t\t\t\t<div class=\"elementor-widget-container\">\n\t\t\t\t\t\t\t<div class=\"e-n-carousel swiper\" role=\"region\" aria-roledescription=\"carousel\" aria-label=\"Karussell\" dir=\"ltr\">\n\t\t\t<div class=\"swiper-wrapper\" aria-live=\"off\">\n\t\t\t\t\t\t\t\t\t\t<div class=\"swiper-slide\" data-slide=\"1\" role=\"group\" aria-roledescription=\"slide\" aria-label=\"1 di 8\">\n\t\t\t\t\t\t\t<div class=\"elementor-element elementor-element-664132d e-con-full e-flex e-con e-child\" data-id=\"664132d\" data-element_type=\"container\">\n\t\t\t\t<div class=\"elementor-element elementor-element-4053888b ratio149  animated-slow elementor-invisible elementor-widget elementor-widget-image\" data-id=\"4053888b\" data-element_type=\"widget\" data-settings=\"{&quot;_animation&quot;:&quot;fadeIn&quot;}\" data-widget_type=\"image.default\">\n\t\t\t\t<div class=\"elementor-widget-container\">\n\t\t\t\t\t\t\t\t\t\t\t\t\t\t\t<img decoding=\"async\" width=\"1920\" height=\"1304\" src=\"https:\/\/www.trianglhof.eu\/wp-content\/uploads\/2025\/05\/Obstmarkt-Bozen-2.jpg\" class=\"attachment-full size-full wp-image-1192\" alt=\"\" srcset=\"https:\/\/www.trianglhof.eu\/wp-content\/uploads\/2025\/05\/Obstmarkt-Bozen-2.jpg 1920w, https:\/\/www.trianglhof.eu\/wp-content\/uploads\/2025\/05\/Obstmarkt-Bozen-2-300x204.jpg 300w, https:\/\/www.trianglhof.eu\/wp-content\/uploads\/2025\/05\/Obstmarkt-Bozen-2-1024x695.jpg 1024w, https:\/\/www.trianglhof.eu\/wp-content\/uploads\/2025\/05\/Obstmarkt-Bozen-2-768x522.jpg 768w, https:\/\/www.trianglhof.eu\/wp-content\/uploads\/2025\/05\/Obstmarkt-Bozen-2-1536x1043.jpg 1536w\" sizes=\"(max-width: 1920px) 100vw, 1920px\" \/>\t\t\t\t\t\t\t\t\t\t\t\t\t\t\t<\/div>\n\t\t\t\t<\/div>\n\t\t<div class=\"elementor-element elementor-element-6cd34a0f  w-1600 p-t-m-des p-t-m-mob e-con-full e-flex e-con e-child\" data-id=\"6cd34a0f\" data-element_type=\"container\">\n\t\t\t\t<div class=\"elementor-element elementor-element-4df1994b animated-slow h2mid elementor-invisible elementor-widget elementor-widget-heading\" data-id=\"4df1994b\" data-element_type=\"widget\" data-settings=\"{&quot;_animation&quot;:&quot;fadeIn&quot;}\" data-widget_type=\"heading.default\">\n\t\t\t\t<div class=\"elementor-widget-container\">\n\t\t\t\t\t<h2 class=\"elementor-heading-title elementor-size-default\">Piazza delle Erbe<\/h2>\t\t\t\t<\/div>\n\t\t\t\t<\/div>\n\t\t\t\t<\/div>\n\t\t\t\t<\/div>\n\t\t\t\t\t\t\t\t<\/div>\n\t\t\t\t\t\t\t\t\t\t\t<div class=\"swiper-slide\" data-slide=\"2\" role=\"group\" aria-roledescription=\"slide\" aria-label=\"2 di 8\">\n\t\t\t\t\t\t\t<div class=\"elementor-element elementor-element-fd34fd0 e-con-full e-flex e-con e-child\" data-id=\"fd34fd0\" data-element_type=\"container\">\n\t\t\t\t<div class=\"elementor-element elementor-element-59143b2 ratio149  animated-slow elementor-invisible elementor-widget elementor-widget-image\" data-id=\"59143b2\" data-element_type=\"widget\" data-settings=\"{&quot;_animation&quot;:&quot;fadeIn&quot;}\" data-widget_type=\"image.default\">\n\t\t\t\t<div class=\"elementor-widget-container\">\n\t\t\t\t\t\t\t\t\t\t\t\t\t\t\t<img loading=\"lazy\" decoding=\"async\" width=\"1437\" height=\"1150\" src=\"https:\/\/www.trianglhof.eu\/wp-content\/uploads\/2025\/05\/smg01908auoc-1.jpg\" class=\"attachment-full size-full wp-image-1214\" alt=\"\" srcset=\"https:\/\/www.trianglhof.eu\/wp-content\/uploads\/2025\/05\/smg01908auoc-1.jpg 1437w, https:\/\/www.trianglhof.eu\/wp-content\/uploads\/2025\/05\/smg01908auoc-1-300x240.jpg 300w, https:\/\/www.trianglhof.eu\/wp-content\/uploads\/2025\/05\/smg01908auoc-1-1024x819.jpg 1024w, https:\/\/www.trianglhof.eu\/wp-content\/uploads\/2025\/05\/smg01908auoc-1-768x615.jpg 768w\" sizes=\"(max-width: 1437px) 100vw, 1437px\" \/>\t\t\t\t\t\t\t\t\t\t\t\t\t\t\t<\/div>\n\t\t\t\t<\/div>\n\t\t<div class=\"elementor-element elementor-element-56a46de  w-1600 p-t-m-des p-t-m-mob e-con-full e-flex e-con e-child\" data-id=\"56a46de\" data-element_type=\"container\">\n\t\t\t\t<div class=\"elementor-element elementor-element-366a0c7 animated-slow h2mid elementor-invisible elementor-widget elementor-widget-heading\" data-id=\"366a0c7\" data-element_type=\"widget\" data-settings=\"{&quot;_animation&quot;:&quot;fadeIn&quot;}\" data-widget_type=\"heading.default\">\n\t\t\t\t<div class=\"elementor-widget-container\">\n\t\t\t\t\t<h2 class=\"elementor-heading-title elementor-size-default\">Il Museo Archeologico con \u00d6tzi<\/h2>\t\t\t\t<\/div>\n\t\t\t\t<\/div>\n\t\t\t\t<\/div>\n\t\t\t\t<\/div>\n\t\t\t\t\t\t\t\t<\/div>\n\t\t\t\t\t\t\t\t\t\t\t<div class=\"swiper-slide\" data-slide=\"3\" role=\"group\" aria-roledescription=\"slide\" aria-label=\"3 di 8\">\n\t\t\t\t\t\t\t<div class=\"elementor-element elementor-element-0eaf2e2 e-con-full e-flex e-con e-child\" data-id=\"0eaf2e2\" data-element_type=\"container\">\n\t\t\t\t<div class=\"elementor-element elementor-element-9dd7b98 ratio149  animated-slow elementor-invisible elementor-widget elementor-widget-image\" data-id=\"9dd7b98\" data-element_type=\"widget\" data-settings=\"{&quot;_animation&quot;:&quot;fadeIn&quot;}\" data-widget_type=\"image.default\">\n\t\t\t\t<div class=\"elementor-widget-container\">\n\t\t\t\t\t\t\t\t\t\t\t\t\t\t\t<img loading=\"lazy\" decoding=\"async\" width=\"1920\" height=\"1278\" src=\"https:\/\/www.trianglhof.eu\/wp-content\/uploads\/2025\/06\/4_Mostra-al-Museo-di-scienze_1-Ausstellung-im-Naturmuseum_1-Foto-Martin-Rattini.jpg\" class=\"attachment-full size-full wp-image-1469\" alt=\"\" srcset=\"https:\/\/www.trianglhof.eu\/wp-content\/uploads\/2025\/06\/4_Mostra-al-Museo-di-scienze_1-Ausstellung-im-Naturmuseum_1-Foto-Martin-Rattini.jpg 1920w, https:\/\/www.trianglhof.eu\/wp-content\/uploads\/2025\/06\/4_Mostra-al-Museo-di-scienze_1-Ausstellung-im-Naturmuseum_1-Foto-Martin-Rattini-300x200.jpg 300w, https:\/\/www.trianglhof.eu\/wp-content\/uploads\/2025\/06\/4_Mostra-al-Museo-di-scienze_1-Ausstellung-im-Naturmuseum_1-Foto-Martin-Rattini-1024x682.jpg 1024w, https:\/\/www.trianglhof.eu\/wp-content\/uploads\/2025\/06\/4_Mostra-al-Museo-di-scienze_1-Ausstellung-im-Naturmuseum_1-Foto-Martin-Rattini-768x511.jpg 768w, https:\/\/www.trianglhof.eu\/wp-content\/uploads\/2025\/06\/4_Mostra-al-Museo-di-scienze_1-Ausstellung-im-Naturmuseum_1-Foto-Martin-Rattini-1536x1022.jpg 1536w\" sizes=\"(max-width: 1920px) 100vw, 1920px\" \/>\t\t\t\t\t\t\t\t\t\t\t\t\t\t\t<\/div>\n\t\t\t\t<\/div>\n\t\t<div class=\"elementor-element elementor-element-aa4f387  w-1600 p-t-m-des p-t-m-mob e-con-full e-flex e-con e-child\" data-id=\"aa4f387\" data-element_type=\"container\">\n\t\t\t\t<div class=\"elementor-element elementor-element-afa8893 animated-slow h2mid elementor-invisible elementor-widget elementor-widget-heading\" data-id=\"afa8893\" data-element_type=\"widget\" data-settings=\"{&quot;_animation&quot;:&quot;fadeIn&quot;}\" data-widget_type=\"heading.default\">\n\t\t\t\t<div class=\"elementor-widget-container\">\n\t\t\t\t\t<h2 class=\"elementor-heading-title elementor-size-default\">Il Museo di Scienze Naturali<\/h2>\t\t\t\t<\/div>\n\t\t\t\t<\/div>\n\t\t\t\t<\/div>\n\t\t\t\t<\/div>\n\t\t\t\t\t\t\t\t<\/div>\n\t\t\t\t\t\t\t\t\t\t\t<div class=\"swiper-slide\" data-slide=\"4\" role=\"group\" aria-roledescription=\"slide\" aria-label=\"4 di 8\">\n\t\t\t\t\t\t\t<div class=\"elementor-element elementor-element-f1d800c e-con-full e-flex e-con e-child\" data-id=\"f1d800c\" data-element_type=\"container\">\n\t\t\t\t<div class=\"elementor-element elementor-element-6ebb1d1 ratio149  animated-slow elementor-invisible elementor-widget elementor-widget-image\" data-id=\"6ebb1d1\" data-element_type=\"widget\" data-settings=\"{&quot;_animation&quot;:&quot;fadeIn&quot;}\" data-widget_type=\"image.default\">\n\t\t\t\t<div class=\"elementor-widget-container\">\n\t\t\t\t\t\t\t\t\t\t\t\t\t\t\t<img loading=\"lazy\" decoding=\"async\" width=\"1920\" height=\"1271\" src=\"https:\/\/www.trianglhof.eu\/wp-content\/uploads\/2025\/05\/Museion-Courtesy-Azienda-di-Soggiorno-e-Turismo-di-Bolzano.jpg\" class=\"attachment-full size-full wp-image-1196\" alt=\"\" srcset=\"https:\/\/www.trianglhof.eu\/wp-content\/uploads\/2025\/05\/Museion-Courtesy-Azienda-di-Soggiorno-e-Turismo-di-Bolzano.jpg 1920w, https:\/\/www.trianglhof.eu\/wp-content\/uploads\/2025\/05\/Museion-Courtesy-Azienda-di-Soggiorno-e-Turismo-di-Bolzano-300x199.jpg 300w, https:\/\/www.trianglhof.eu\/wp-content\/uploads\/2025\/05\/Museion-Courtesy-Azienda-di-Soggiorno-e-Turismo-di-Bolzano-1024x678.jpg 1024w, https:\/\/www.trianglhof.eu\/wp-content\/uploads\/2025\/05\/Museion-Courtesy-Azienda-di-Soggiorno-e-Turismo-di-Bolzano-768x508.jpg 768w, https:\/\/www.trianglhof.eu\/wp-content\/uploads\/2025\/05\/Museion-Courtesy-Azienda-di-Soggiorno-e-Turismo-di-Bolzano-1536x1017.jpg 1536w\" sizes=\"(max-width: 1920px) 100vw, 1920px\" \/>\t\t\t\t\t\t\t\t\t\t\t\t\t\t\t<\/div>\n\t\t\t\t<\/div>\n\t\t<div class=\"elementor-element elementor-element-9bd8820  w-1600 p-t-m-des p-t-m-mob e-con-full e-flex e-con e-child\" data-id=\"9bd8820\" data-element_type=\"container\">\n\t\t\t\t<div class=\"elementor-element elementor-element-1d18e5d animated-slow h2mid elementor-invisible elementor-widget elementor-widget-heading\" data-id=\"1d18e5d\" data-element_type=\"widget\" data-settings=\"{&quot;_animation&quot;:&quot;fadeIn&quot;}\" data-widget_type=\"heading.default\">\n\t\t\t\t<div class=\"elementor-widget-container\">\n\t\t\t\t\t<h2 class=\"elementor-heading-title elementor-size-default\">Museion - Arte Contemporanea <\/h2>\t\t\t\t<\/div>\n\t\t\t\t<\/div>\n\t\t\t\t<\/div>\n\t\t\t\t<\/div>\n\t\t\t\t\t\t\t\t<\/div>\n\t\t\t\t\t\t\t\t\t\t\t<div class=\"swiper-slide\" data-slide=\"5\" role=\"group\" aria-roledescription=\"slide\" aria-label=\"5 di 8\">\n\t\t\t\t\t\t\t<div class=\"elementor-element elementor-element-1d65348 e-con-full e-flex e-con e-child\" data-id=\"1d65348\" data-element_type=\"container\">\n\t\t\t\t<div class=\"elementor-element elementor-element-dcc27b9 ratio149  animated-slow elementor-invisible elementor-widget elementor-widget-image\" data-id=\"dcc27b9\" data-element_type=\"widget\" data-settings=\"{&quot;_animation&quot;:&quot;fadeIn&quot;}\" data-widget_type=\"image.default\">\n\t\t\t\t<div class=\"elementor-widget-container\">\n\t\t\t\t\t\t\t\t\t\t\t\t\t\t\t<img loading=\"lazy\" decoding=\"async\" width=\"1920\" height=\"1280\" src=\"https:\/\/www.trianglhof.eu\/wp-content\/uploads\/2025\/05\/Runkelstein.jpg\" class=\"attachment-full size-full wp-image-1190\" alt=\"\" srcset=\"https:\/\/www.trianglhof.eu\/wp-content\/uploads\/2025\/05\/Runkelstein.jpg 1920w, https:\/\/www.trianglhof.eu\/wp-content\/uploads\/2025\/05\/Runkelstein-300x200.jpg 300w, https:\/\/www.trianglhof.eu\/wp-content\/uploads\/2025\/05\/Runkelstein-1024x683.jpg 1024w, https:\/\/www.trianglhof.eu\/wp-content\/uploads\/2025\/05\/Runkelstein-768x512.jpg 768w, https:\/\/www.trianglhof.eu\/wp-content\/uploads\/2025\/05\/Runkelstein-1536x1024.jpg 1536w\" sizes=\"(max-width: 1920px) 100vw, 1920px\" \/>\t\t\t\t\t\t\t\t\t\t\t\t\t\t\t<\/div>\n\t\t\t\t<\/div>\n\t\t<div class=\"elementor-element elementor-element-be3918f  w-1600 p-t-m-des p-t-m-mob e-con-full e-flex e-con e-child\" data-id=\"be3918f\" data-element_type=\"container\">\n\t\t\t\t<div class=\"elementor-element elementor-element-3de8e4b animated-slow h2mid elementor-invisible elementor-widget elementor-widget-heading\" data-id=\"3de8e4b\" data-element_type=\"widget\" data-settings=\"{&quot;_animation&quot;:&quot;fadeIn&quot;}\" data-widget_type=\"heading.default\">\n\t\t\t\t<div class=\"elementor-widget-container\">\n\t\t\t\t\t<h2 class=\"elementor-heading-title elementor-size-default\">Castel Roncolo <\/h2>\t\t\t\t<\/div>\n\t\t\t\t<\/div>\n\t\t\t\t<\/div>\n\t\t\t\t<\/div>\n\t\t\t\t\t\t\t\t<\/div>\n\t\t\t\t\t\t\t\t\t\t\t<div class=\"swiper-slide\" data-slide=\"6\" role=\"group\" aria-roledescription=\"slide\" aria-label=\"6 di 8\">\n\t\t\t\t\t\t\t<div class=\"elementor-element elementor-element-d3225ff e-con-full e-flex e-con e-child\" data-id=\"d3225ff\" data-element_type=\"container\">\n\t\t\t\t<div class=\"elementor-element elementor-element-65bd772 ratio149  animated-slow elementor-invisible elementor-widget elementor-widget-image\" data-id=\"65bd772\" data-element_type=\"widget\" data-settings=\"{&quot;_animation&quot;:&quot;fadeIn&quot;}\" data-widget_type=\"image.default\">\n\t\t\t\t<div class=\"elementor-widget-container\">\n\t\t\t\t\t\t\t\t\t\t\t\t\t\t\t<img loading=\"lazy\" decoding=\"async\" width=\"1920\" height=\"1280\" src=\"https:\/\/www.trianglhof.eu\/wp-content\/uploads\/2025\/06\/ThomasRoetting210615_130.jpg\" class=\"attachment-full size-full wp-image-1484\" alt=\"Schloss Maretsch in S\u00fcdtirol - Schl\u00f6sser in S\u00fcdtirol\" srcset=\"https:\/\/www.trianglhof.eu\/wp-content\/uploads\/2025\/06\/ThomasRoetting210615_130.jpg 1920w, https:\/\/www.trianglhof.eu\/wp-content\/uploads\/2025\/06\/ThomasRoetting210615_130-300x200.jpg 300w, https:\/\/www.trianglhof.eu\/wp-content\/uploads\/2025\/06\/ThomasRoetting210615_130-1024x683.jpg 1024w, https:\/\/www.trianglhof.eu\/wp-content\/uploads\/2025\/06\/ThomasRoetting210615_130-768x512.jpg 768w, https:\/\/www.trianglhof.eu\/wp-content\/uploads\/2025\/06\/ThomasRoetting210615_130-1536x1024.jpg 1536w\" sizes=\"(max-width: 1920px) 100vw, 1920px\" \/>\t\t\t\t\t\t\t\t\t\t\t\t\t\t\t<\/div>\n\t\t\t\t<\/div>\n\t\t<div class=\"elementor-element elementor-element-0d7800a  w-1600 p-t-m-des p-t-m-mob e-con-full e-flex e-con e-child\" data-id=\"0d7800a\" data-element_type=\"container\">\n\t\t\t\t<div class=\"elementor-element elementor-element-8c04ce1 animated-slow h2mid elementor-invisible elementor-widget elementor-widget-heading\" data-id=\"8c04ce1\" data-element_type=\"widget\" data-settings=\"{&quot;_animation&quot;:&quot;fadeIn&quot;}\" data-widget_type=\"heading.default\">\n\t\t\t\t<div class=\"elementor-widget-container\">\n\t\t\t\t\t<h2 class=\"elementor-heading-title elementor-size-default\">Castel Mareccio<\/h2>\t\t\t\t<\/div>\n\t\t\t\t<\/div>\n\t\t\t\t<\/div>\n\t\t\t\t<\/div>\n\t\t\t\t\t\t\t\t<\/div>\n\t\t\t\t\t\t\t\t\t\t\t<div class=\"swiper-slide\" data-slide=\"7\" role=\"group\" aria-roledescription=\"slide\" aria-label=\"7 di 8\">\n\t\t\t\t\t\t\t<div class=\"elementor-element elementor-element-e4e945b e-con-full e-flex e-con e-child\" data-id=\"e4e945b\" data-element_type=\"container\">\n\t\t\t\t<div class=\"elementor-element elementor-element-b54afda ratio149  animated-slow elementor-invisible elementor-widget elementor-widget-image\" data-id=\"b54afda\" data-element_type=\"widget\" data-settings=\"{&quot;_animation&quot;:&quot;fadeIn&quot;}\" data-widget_type=\"image.default\">\n\t\t\t\t<div class=\"elementor-widget-container\">\n\t\t\t\t\t\t\t\t\t\t\t\t\t\t\t<img loading=\"lazy\" decoding=\"async\" width=\"1280\" height=\"1920\" src=\"https:\/\/www.trianglhof.eu\/wp-content\/uploads\/2025\/05\/Laubengasse-Portici-Street_via-IDM-Courtesy-Alex-Filtz.jpg\" class=\"attachment-full size-full wp-image-1230\" alt=\"\" srcset=\"https:\/\/www.trianglhof.eu\/wp-content\/uploads\/2025\/05\/Laubengasse-Portici-Street_via-IDM-Courtesy-Alex-Filtz.jpg 1280w, https:\/\/www.trianglhof.eu\/wp-content\/uploads\/2025\/05\/Laubengasse-Portici-Street_via-IDM-Courtesy-Alex-Filtz-200x300.jpg 200w, https:\/\/www.trianglhof.eu\/wp-content\/uploads\/2025\/05\/Laubengasse-Portici-Street_via-IDM-Courtesy-Alex-Filtz-683x1024.jpg 683w, https:\/\/www.trianglhof.eu\/wp-content\/uploads\/2025\/05\/Laubengasse-Portici-Street_via-IDM-Courtesy-Alex-Filtz-768x1152.jpg 768w, https:\/\/www.trianglhof.eu\/wp-content\/uploads\/2025\/05\/Laubengasse-Portici-Street_via-IDM-Courtesy-Alex-Filtz-1024x1536.jpg 1024w\" sizes=\"(max-width: 1280px) 100vw, 1280px\" \/>\t\t\t\t\t\t\t\t\t\t\t\t\t\t\t<\/div>\n\t\t\t\t<\/div>\n\t\t<div class=\"elementor-element elementor-element-8dafb1b  w-1600 p-t-m-des p-t-m-mob e-con-full e-flex e-con e-child\" data-id=\"8dafb1b\" data-element_type=\"container\">\n\t\t\t\t<div class=\"elementor-element elementor-element-740d689 animated-slow h2mid elementor-invisible elementor-widget elementor-widget-heading\" data-id=\"740d689\" data-element_type=\"widget\" data-settings=\"{&quot;_animation&quot;:&quot;fadeIn&quot;}\" data-widget_type=\"heading.default\">\n\t\t\t\t<div class=\"elementor-widget-container\">\n\t\t\t\t\t<h2 class=\"elementor-heading-title elementor-size-default\">I portici con negozi e boutique <\/h2>\t\t\t\t<\/div>\n\t\t\t\t<\/div>\n\t\t\t\t<\/div>\n\t\t\t\t<\/div>\n\t\t\t\t\t\t\t\t<\/div>\n\t\t\t\t\t\t\t\t\t\t\t<div class=\"swiper-slide\" data-slide=\"8\" role=\"group\" aria-roledescription=\"slide\" aria-label=\"8 di 8\">\n\t\t\t\t\t\t\t<div class=\"elementor-element elementor-element-55f046f e-con-full e-flex e-con e-child\" data-id=\"55f046f\" data-element_type=\"container\">\n\t\t\t\t<div class=\"elementor-element elementor-element-4c1c67b ratio149  animated-slow elementor-invisible elementor-widget elementor-widget-image\" data-id=\"4c1c67b\" data-element_type=\"widget\" data-settings=\"{&quot;_animation&quot;:&quot;fadeIn&quot;}\" data-widget_type=\"image.default\">\n\t\t\t\t<div class=\"elementor-widget-container\">\n\t\t\t\t\t\t\t\t\t\t\t\t\t\t\t<img loading=\"lazy\" decoding=\"async\" width=\"1920\" height=\"1280\" src=\"https:\/\/www.trianglhof.eu\/wp-content\/uploads\/2025\/05\/Stadtplatz-Bozen.jpg\" class=\"attachment-full size-full wp-image-1188\" alt=\"\" srcset=\"https:\/\/www.trianglhof.eu\/wp-content\/uploads\/2025\/05\/Stadtplatz-Bozen.jpg 1920w, https:\/\/www.trianglhof.eu\/wp-content\/uploads\/2025\/05\/Stadtplatz-Bozen-300x200.jpg 300w, https:\/\/www.trianglhof.eu\/wp-content\/uploads\/2025\/05\/Stadtplatz-Bozen-1024x683.jpg 1024w, https:\/\/www.trianglhof.eu\/wp-content\/uploads\/2025\/05\/Stadtplatz-Bozen-768x512.jpg 768w, https:\/\/www.trianglhof.eu\/wp-content\/uploads\/2025\/05\/Stadtplatz-Bozen-1536x1024.jpg 1536w\" sizes=\"(max-width: 1920px) 100vw, 1920px\" \/>\t\t\t\t\t\t\t\t\t\t\t\t\t\t\t<\/div>\n\t\t\t\t<\/div>\n\t\t<div class=\"elementor-element elementor-element-76db14d  w-1600 p-t-m-des p-t-m-mob e-con-full e-flex e-con e-child\" data-id=\"76db14d\" data-element_type=\"container\">\n\t\t\t\t<div class=\"elementor-element elementor-element-9d1fbf4 animated-slow h2mid elementor-invisible elementor-widget elementor-widget-heading\" data-id=\"9d1fbf4\" data-element_type=\"widget\" data-settings=\"{&quot;_animation&quot;:&quot;fadeIn&quot;}\" data-widget_type=\"heading.default\">\n\t\t\t\t<div class=\"elementor-widget-container\">\n\t\t\t\t\t<h2 class=\"elementor-heading-title elementor-size-default\">Piazza Walther e il duomo <\/h2>\t\t\t\t<\/div>\n\t\t\t\t<\/div>\n\t\t\t\t<\/div>\n\t\t\t\t<\/div>\n\t\t\t\t\t\t\t\t<\/div>\n\t\t\t\t\t\t\t\t<\/div>\n\t\t<\/div>\n\t\t\t\t\t<div class=\"elementor-swiper-button elementor-swiper-button-prev\" role=\"button\" tabindex=\"0\" aria-label=\"Precedente\">\n\t\t\t\t\t\t\t<\/div>\n\t\t\t<div class=\"elementor-swiper-button elementor-swiper-button-next\" role=\"button\" tabindex=\"0\" aria-label=\"Successivo\">\n\t\t\t\t<svg xmlns=\"http:\/\/www.w3.org\/2000\/svg\" width=\"21.038\" height=\"21.038\" viewBox=\"0 0 21.038 21.038\"><g id=\"Gruppe_30\" data-name=\"Gruppe 30\" transform=\"translate(-1138.462 -3894.5)\"><g id=\"Gruppe_9\" data-name=\"Gruppe 9\" transform=\"translate(-716 1068)\"><path id=\"Pfad_6\" data-name=\"Pfad 6\" d=\"M-8294,2819.474h20.538v20.538\" transform=\"translate(10148.462 7.526)\" fill=\"none\" stroke=\"#a9998c\" stroke-width=\"1\"><\/path><path id=\"Pfad_7\" data-name=\"Pfad 7\" d=\"M-8260.641,2827l-20,20\" transform=\"translate(10135.641)\" fill=\"none\" stroke=\"#a9998c\" stroke-width=\"1\"><\/path><\/g><\/g><\/svg>\t\t\t<\/div>\n\t\t\t\t\t\t<\/div>\n\t\t\t\t<\/div>\n\t\t\t\t<\/div>\n\t\t<div class=\"elementor-element elementor-element-700f1b10 e-con-full container-i p-l-s p-r-s p-t-l p-bt-s p-bt-l-mob2 e-flex e-con e-parent\" data-id=\"700f1b10\" data-element_type=\"container\" data-settings=\"{&quot;background_background&quot;:&quot;classic&quot;}\">\n\t\t<div class=\"elementor-element elementor-element-2b9dd74b container-i w-1850 e-con-full e-flex e-con e-child\" data-id=\"2b9dd74b\" data-element_type=\"container\">\n\t\t<div class=\"elementor-element elementor-element-2a811a0b e-con-full p-r-s-des e-flex e-con e-child\" data-id=\"2a811a0b\" data-element_type=\"container\">\n\t\t\t\t<div class=\"elementor-element elementor-element-7aec30b2 ratio11 animated-slow elementor-invisible elementor-widget elementor-widget-image\" data-id=\"7aec30b2\" data-element_type=\"widget\" data-settings=\"{&quot;_animation&quot;:&quot;fadeIn&quot;}\" data-widget_type=\"image.default\">\n\t\t\t\t<div class=\"elementor-widget-container\">\n\t\t\t\t\t\t\t\t\t\t\t\t\t\t\t<img loading=\"lazy\" decoding=\"async\" width=\"1536\" height=\"760\" src=\"https:\/\/www.trianglhof.eu\/wp-content\/uploads\/2025\/02\/PS1_52762x-1536x760.jpg\" class=\"attachment-1536x1536 size-1536x1536 wp-image-1144\" alt=\"\" srcset=\"https:\/\/www.trianglhof.eu\/wp-content\/uploads\/2025\/02\/PS1_52762x-1536x760.jpg 1536w, https:\/\/www.trianglhof.eu\/wp-content\/uploads\/2025\/02\/PS1_52762x-300x148.jpg 300w, https:\/\/www.trianglhof.eu\/wp-content\/uploads\/2025\/02\/PS1_52762x-1024x507.jpg 1024w, https:\/\/www.trianglhof.eu\/wp-content\/uploads\/2025\/02\/PS1_52762x-768x380.jpg 768w, https:\/\/www.trianglhof.eu\/wp-content\/uploads\/2025\/02\/PS1_52762x-2048x1013.jpg 2048w\" sizes=\"(max-width: 1536px) 100vw, 1536px\" \/>\t\t\t\t\t\t\t\t\t\t\t\t\t\t\t<\/div>\n\t\t\t\t<\/div>\n\t\t\t\t<\/div>\n\t\t<div class=\"elementor-element elementor-element-6b9c698 e-con-full p-t-l-mob p-t-m-des e-flex e-con e-child\" data-id=\"6b9c698\" data-element_type=\"container\">\n\t\t\t\t<div class=\"elementor-element elementor-element-3e96e8b8 animated-slow h2mid p-bt-s elementor-invisible elementor-widget elementor-widget-heading\" data-id=\"3e96e8b8\" data-element_type=\"widget\" data-settings=\"{&quot;_animation&quot;:&quot;fadeIn&quot;}\" data-widget_type=\"heading.default\">\n\t\t\t\t<div class=\"elementor-widget-container\">\n\t\t\t\t\t<h2 class=\"elementor-heading-title elementor-size-default\">Il centro commerciale WaltherPark <\/h2>\t\t\t\t<\/div>\n\t\t\t\t<\/div>\n\t\t\t\t<div class=\"elementor-element elementor-element-2b1d2f71 elementor-widget__width-initial textwidth p-bt-s animated-slow elementor-invisible elementor-widget elementor-widget-text-editor\" data-id=\"2b1d2f71\" data-element_type=\"widget\" data-settings=\"{&quot;_animation&quot;:&quot;fadeIn&quot;}\" data-widget_type=\"text-editor.default\">\n\t\t\t\t<div class=\"elementor-widget-container\">\n\t\t\t\t\t\t\t\t\t<p>Degustazioni di vino all\u2019aperto, spettacoli teatrali, mostre, concerti, feste e sagre: a Bolzano ci sono eventi in programma tutto l\u2019anno.<\/p>\t\t\t\t\t\t\t\t<\/div>\n\t\t\t\t<\/div>\n\t\t\t\t<div class=\"elementor-element elementor-element-71879d0d whiteborder animated-slow elementor-invisible elementor-widget elementor-widget-button\" data-id=\"71879d0d\" data-element_type=\"widget\" data-settings=\"{&quot;_animation&quot;:&quot;fadeIn&quot;}\" data-widget_type=\"button.default\">\n\t\t\t\t<div class=\"elementor-widget-container\">\n\t\t\t\t\t\t\t\t\t<div class=\"elementor-button-wrapper\">\n\t\t\t\t\t<a class=\"elementor-button elementor-button-link elementor-size-sm\" href=\"https:\/\/www.bolzano-bozen.it\/it\/content\/eventi.html\" target=\"_blank\">\n\t\t\t\t\t\t<span class=\"elementor-button-content-wrapper\">\n\t\t\t\t\t\t<span class=\"elementor-button-icon\">\n\t\t\t\t<svg xmlns=\"http:\/\/www.w3.org\/2000\/svg\" width=\"21.038\" height=\"21.038\" viewBox=\"0 0 21.038 21.038\"><g id=\"Gruppe_12\" data-name=\"Gruppe 12\" transform=\"translate(-1138.462 -3894.5)\"><g id=\"Gruppe_9\" data-name=\"Gruppe 9\" transform=\"translate(-716 1068)\"><path id=\"Pfad_6\" data-name=\"Pfad 6\" d=\"M-8294,2819.474h20.538v20.538\" transform=\"translate(10148.462 7.526)\" fill=\"none\" stroke=\"#d9d8d1\" stroke-width=\"1\"><\/path><path id=\"Pfad_7\" data-name=\"Pfad 7\" d=\"M-8260.641,2827l-20,20\" transform=\"translate(10135.641)\" fill=\"none\" stroke=\"#d9d8d1\" stroke-width=\"1\"><\/path><\/g><\/g><\/svg>\t\t\t<\/span>\n\t\t\t\t\t\t\t\t\t<span class=\"elementor-button-text\">C\u2019\u00e8 l\u2019imbarazzo della scelta! <\/span>\n\t\t\t\t\t<\/span>\n\t\t\t\t\t<\/a>\n\t\t\t\t<\/div>\n\t\t\t\t\t\t\t\t<\/div>\n\t\t\t\t<\/div>\n\t\t\t\t<\/div>\n\t\t\t\t<\/div>\n\t\t\t\t<\/div>\n\t\t<div class=\"elementor-element elementor-element-129e2991 e-con-full container-i p-l-s p-r-s p-t-l p-bt-s p-bt-l-mob2 e-flex e-con e-parent\" data-id=\"129e2991\" data-element_type=\"container\" data-settings=\"{&quot;background_background&quot;:&quot;classic&quot;}\">\n\t\t<div class=\"elementor-element elementor-element-20ab349e container-i w-1850 e-con-full e-flex e-con e-child\" data-id=\"20ab349e\" data-element_type=\"container\">\n\t\t<div class=\"elementor-element elementor-element-1070f5e e-con-full p-l-s-des p-r-s p-bt-m e-flex e-con e-child\" data-id=\"1070f5e\" data-element_type=\"container\">\n\t\t\t\t<div class=\"elementor-element elementor-element-d7b9b8a animated-slow h2mid p-bt-s elementor-invisible elementor-widget elementor-widget-heading\" data-id=\"d7b9b8a\" data-element_type=\"widget\" data-settings=\"{&quot;_animation&quot;:&quot;fadeIn&quot;}\" data-widget_type=\"heading.default\">\n\t\t\t\t<div class=\"elementor-widget-container\">\n\t\t\t\t\t<h2 class=\"elementor-heading-title elementor-size-default\">Vive tradizioni <\/h2>\t\t\t\t<\/div>\n\t\t\t\t<\/div>\n\t\t\t\t<div class=\"elementor-element elementor-element-3f42810 elementor-widget__width-initial textwidth animated-slow elementor-invisible elementor-widget elementor-widget-text-editor\" data-id=\"3f42810\" data-element_type=\"widget\" data-settings=\"{&quot;_animation&quot;:&quot;fadeIn&quot;}\" data-widget_type=\"text-editor.default\">\n\t\t\t\t<div class=\"elementor-widget-container\">\n\t\t\t\t\t\t\t\t\t<p>In Alto Adige siamo molto legati ai nostri usi, costumi e tradizioni, che manteniamo vivi con interessanti manifestazioni.<\/p>\t\t\t\t\t\t\t\t<\/div>\n\t\t\t\t<\/div>\n\t\t\t\t<\/div>\n\t\t\t\t<div class=\"elementor-element elementor-element-3dc3ee2 p-r-m elementor-arrows-position-inside elementor-widget elementor-widget-n-carousel\" data-id=\"3dc3ee2\" data-element_type=\"widget\" data-settings=\"{&quot;carousel_items&quot;:[{&quot;slide_title&quot;:&quot;Slide #1&quot;,&quot;_id&quot;:&quot;b317aaa&quot;},{&quot;slide_title&quot;:&quot;Slide #1&quot;,&quot;_id&quot;:&quot;cf22d40&quot;},{&quot;slide_title&quot;:&quot;Slide #1&quot;,&quot;_id&quot;:&quot;1c9f5cf&quot;},{&quot;slide_title&quot;:&quot;Slide #1&quot;,&quot;_id&quot;:&quot;11f865a&quot;}],&quot;slides_to_show&quot;:&quot;1&quot;,&quot;slides_to_show_tablet&quot;:&quot;1&quot;,&quot;slides_to_show_mobile&quot;:&quot;1&quot;,&quot;autoplay&quot;:&quot;yes&quot;,&quot;autoplay_speed&quot;:5000,&quot;pause_on_hover&quot;:&quot;yes&quot;,&quot;pause_on_interaction&quot;:&quot;yes&quot;,&quot;infinite&quot;:&quot;yes&quot;,&quot;speed&quot;:500,&quot;offset_sides&quot;:&quot;none&quot;,&quot;arrows&quot;:&quot;yes&quot;,&quot;image_spacing_custom&quot;:{&quot;unit&quot;:&quot;px&quot;,&quot;size&quot;:10,&quot;sizes&quot;:[]},&quot;image_spacing_custom_tablet&quot;:{&quot;unit&quot;:&quot;px&quot;,&quot;size&quot;:&quot;&quot;,&quot;sizes&quot;:[]},&quot;image_spacing_custom_mobile&quot;:{&quot;unit&quot;:&quot;px&quot;,&quot;size&quot;:&quot;&quot;,&quot;sizes&quot;:[]}}\" data-widget_type=\"nested-carousel.default\">\n\t\t\t\t<div class=\"elementor-widget-container\">\n\t\t\t\t\t\t\t<div class=\"e-n-carousel swiper\" role=\"region\" aria-roledescription=\"carousel\" aria-label=\"Karussell\" dir=\"ltr\">\n\t\t\t<div class=\"swiper-wrapper\" aria-live=\"off\">\n\t\t\t\t\t\t\t\t\t\t<div class=\"swiper-slide\" data-slide=\"1\" role=\"group\" aria-roledescription=\"slide\" aria-label=\"1 di 4\">\n\t\t\t\t\t\t\t<div class=\"elementor-element elementor-element-aa993ed e-con-full e-flex e-con e-child\" data-id=\"aa993ed\" data-element_type=\"container\">\n\t\t\t\t<div class=\"elementor-element elementor-element-909ff00 ratio149  animated-slow elementor-invisible elementor-widget elementor-widget-image\" data-id=\"909ff00\" data-element_type=\"widget\" data-settings=\"{&quot;_animation&quot;:&quot;fadeIn&quot;}\" data-widget_type=\"image.default\">\n\t\t\t\t<div class=\"elementor-widget-container\">\n\t\t\t\t\t\t\t\t\t\t\t\t\t\t\t<img decoding=\"async\" width=\"1920\" height=\"1304\" src=\"https:\/\/www.trianglhof.eu\/wp-content\/uploads\/2025\/05\/Obstmarkt-Bozen-2.jpg\" class=\"attachment-full size-full wp-image-1192\" alt=\"\" srcset=\"https:\/\/www.trianglhof.eu\/wp-content\/uploads\/2025\/05\/Obstmarkt-Bozen-2.jpg 1920w, https:\/\/www.trianglhof.eu\/wp-content\/uploads\/2025\/05\/Obstmarkt-Bozen-2-300x204.jpg 300w, https:\/\/www.trianglhof.eu\/wp-content\/uploads\/2025\/05\/Obstmarkt-Bozen-2-1024x695.jpg 1024w, https:\/\/www.trianglhof.eu\/wp-content\/uploads\/2025\/05\/Obstmarkt-Bozen-2-768x522.jpg 768w, https:\/\/www.trianglhof.eu\/wp-content\/uploads\/2025\/05\/Obstmarkt-Bozen-2-1536x1043.jpg 1536w\" sizes=\"(max-width: 1920px) 100vw, 1920px\" \/>\t\t\t\t\t\t\t\t\t\t\t\t\t\t\t<\/div>\n\t\t\t\t<\/div>\n\t\t<div class=\"elementor-element elementor-element-62b2ab1c  w-1600 p-t-l-mob p-t-m-des e-con-full e-flex e-con e-child\" data-id=\"62b2ab1c\" data-element_type=\"container\">\n\t\t<div class=\"elementor-element elementor-element-79018c84 e-con-full e-flex e-con e-child\" data-id=\"79018c84\" data-element_type=\"container\">\n\t\t\t\t<div class=\"elementor-element elementor-element-74870d5e animated-slow h2mid p-bt-s elementor-invisible elementor-widget elementor-widget-heading\" data-id=\"74870d5e\" data-element_type=\"widget\" data-settings=\"{&quot;_animation&quot;:&quot;fadeIn&quot;}\" data-widget_type=\"heading.default\">\n\t\t\t\t<div class=\"elementor-widget-container\">\n\t\t\t\t\t<h2 class=\"elementor-heading-title elementor-size-default\">La processione <br>del Corpus Domini <\/h2>\t\t\t\t<\/div>\n\t\t\t\t<\/div>\n\t\t\t\t<\/div>\n\t\t<div class=\"elementor-element elementor-element-5b1b1331 e-con-full e-flex e-con e-child\" data-id=\"5b1b1331\" data-element_type=\"container\">\n\t\t\t\t<div class=\"elementor-element elementor-element-9c0dc0 elementor-widget__width-initial textwidth p-bt-m animated-slow elementor-invisible elementor-widget elementor-widget-text-editor\" data-id=\"9c0dc0\" data-element_type=\"widget\" data-settings=\"{&quot;_animation&quot;:&quot;fadeIn&quot;}\" data-widget_type=\"text-editor.default\">\n\t\t\t\t<div class=\"elementor-widget-container\">\n\t\t\t\t\t\t\t\t\t<p>In occasione del Corpus Domini, 60 giorni dopo Pasqua, il vescovo celebra una solenne messa nel duomo di Bolzano, seguita da una processione per le vie del centro storico. <\/p>\t\t\t\t\t\t\t\t<\/div>\n\t\t\t\t<\/div>\n\t\t\t\t<\/div>\n\t\t\t\t<\/div>\n\t\t\t\t<\/div>\n\t\t\t\t\t\t\t\t<\/div>\n\t\t\t\t\t\t\t\t\t\t\t<div class=\"swiper-slide\" data-slide=\"2\" role=\"group\" aria-roledescription=\"slide\" aria-label=\"2 di 4\">\n\t\t\t\t\t\t\t<div class=\"elementor-element elementor-element-0e3eef9 e-con-full e-flex e-con e-child\" data-id=\"0e3eef9\" data-element_type=\"container\">\n\t\t\t\t<div class=\"elementor-element elementor-element-4889e29 ratio149  animated-slow elementor-invisible elementor-widget elementor-widget-image\" data-id=\"4889e29\" data-element_type=\"widget\" data-settings=\"{&quot;_animation&quot;:&quot;fadeIn&quot;}\" data-widget_type=\"image.default\">\n\t\t\t\t<div class=\"elementor-widget-container\">\n\t\t\t\t\t\t\t\t\t\t\t\t\t\t\t<img loading=\"lazy\" decoding=\"async\" width=\"1920\" height=\"1280\" src=\"https:\/\/www.trianglhof.eu\/wp-content\/uploads\/2025\/06\/mgm00489frbl-1.jpg\" class=\"attachment-full size-full wp-image-1276\" alt=\"Herzjesufeuer in S\u00fcdtirol\" srcset=\"https:\/\/www.trianglhof.eu\/wp-content\/uploads\/2025\/06\/mgm00489frbl-1.jpg 1920w, https:\/\/www.trianglhof.eu\/wp-content\/uploads\/2025\/06\/mgm00489frbl-1-300x200.jpg 300w, https:\/\/www.trianglhof.eu\/wp-content\/uploads\/2025\/06\/mgm00489frbl-1-1024x683.jpg 1024w, https:\/\/www.trianglhof.eu\/wp-content\/uploads\/2025\/06\/mgm00489frbl-1-768x512.jpg 768w, https:\/\/www.trianglhof.eu\/wp-content\/uploads\/2025\/06\/mgm00489frbl-1-1536x1024.jpg 1536w\" sizes=\"(max-width: 1920px) 100vw, 1920px\" \/>\t\t\t\t\t\t\t\t\t\t\t\t\t\t\t<\/div>\n\t\t\t\t<\/div>\n\t\t<div class=\"elementor-element elementor-element-9e1c55b  w-1600 p-t-l-mob p-t-m-des e-con-full e-flex e-con e-child\" data-id=\"9e1c55b\" data-element_type=\"container\">\n\t\t<div class=\"elementor-element elementor-element-9e8cd69 e-con-full e-flex e-con e-child\" data-id=\"9e8cd69\" data-element_type=\"container\">\n\t\t\t\t<div class=\"elementor-element elementor-element-8925bb1 animated-slow h2mid p-bt-s elementor-invisible elementor-widget elementor-widget-heading\" data-id=\"8925bb1\" data-element_type=\"widget\" data-settings=\"{&quot;_animation&quot;:&quot;fadeIn&quot;}\" data-widget_type=\"heading.default\">\n\t\t\t\t<div class=\"elementor-widget-container\">\n\t\t\t\t\t<h2 class=\"elementor-heading-title elementor-size-default\">I fuochi del Sacro Cuore <\/h2>\t\t\t\t<\/div>\n\t\t\t\t<\/div>\n\t\t\t\t<\/div>\n\t\t<div class=\"elementor-element elementor-element-6a1f7ef e-con-full e-flex e-con e-child\" data-id=\"6a1f7ef\" data-element_type=\"container\">\n\t\t\t\t<div class=\"elementor-element elementor-element-a985a09 elementor-widget__width-initial textwidth p-bt-m animated-slow elementor-invisible elementor-widget elementor-widget-text-editor\" data-id=\"a985a09\" data-element_type=\"widget\" data-settings=\"{&quot;_animation&quot;:&quot;fadeIn&quot;}\" data-widget_type=\"text-editor.default\">\n\t\t\t\t<div class=\"elementor-widget-container\">\n\t\t\t\t\t\t\t\t\t<p>A giugno, in occasione del Sacro Cuore di Ges\u00f9, le montagne altoatesine si accendono con i fuochi celebrativi a forma di croci, cuori o altri simboli cristiani per ricordare il voto fatto dai tirolesi per respingere l\u2019invasione napoleonica.<\/p>\t\t\t\t\t\t\t\t<\/div>\n\t\t\t\t<\/div>\n\t\t\t\t<\/div>\n\t\t\t\t<\/div>\n\t\t\t\t<\/div>\n\t\t\t\t\t\t\t\t<\/div>\n\t\t\t\t\t\t\t\t\t\t\t<div class=\"swiper-slide\" data-slide=\"3\" role=\"group\" aria-roledescription=\"slide\" aria-label=\"3 di 4\">\n\t\t\t\t\t\t\t<div class=\"elementor-element elementor-element-50cd9ad e-con-full e-flex e-con e-child\" data-id=\"50cd9ad\" data-element_type=\"container\">\n\t\t\t\t<div class=\"elementor-element elementor-element-4c5c707 ratio149  animated-slow elementor-invisible elementor-widget elementor-widget-image\" data-id=\"4c5c707\" data-element_type=\"widget\" data-settings=\"{&quot;_animation&quot;:&quot;fadeIn&quot;}\" data-widget_type=\"image.default\">\n\t\t\t\t<div class=\"elementor-widget-container\">\n\t\t\t\t\t\t\t\t\t\t\t\t\t\t\t<img loading=\"lazy\" decoding=\"async\" width=\"1920\" height=\"1280\" src=\"https:\/\/www.trianglhof.eu\/wp-content\/uploads\/2025\/06\/016_R2A2196_8.jpg\" class=\"attachment-full size-full wp-image-1472\" alt=\"Traditionelles Erntedankfest in Bozen - beste Unterhaltung\" srcset=\"https:\/\/www.trianglhof.eu\/wp-content\/uploads\/2025\/06\/016_R2A2196_8.jpg 1920w, https:\/\/www.trianglhof.eu\/wp-content\/uploads\/2025\/06\/016_R2A2196_8-300x200.jpg 300w, https:\/\/www.trianglhof.eu\/wp-content\/uploads\/2025\/06\/016_R2A2196_8-1024x683.jpg 1024w, https:\/\/www.trianglhof.eu\/wp-content\/uploads\/2025\/06\/016_R2A2196_8-768x512.jpg 768w, https:\/\/www.trianglhof.eu\/wp-content\/uploads\/2025\/06\/016_R2A2196_8-1536x1024.jpg 1536w\" sizes=\"(max-width: 1920px) 100vw, 1920px\" \/>\t\t\t\t\t\t\t\t\t\t\t\t\t\t\t<\/div>\n\t\t\t\t<\/div>\n\t\t<div class=\"elementor-element elementor-element-7232ded  w-1600 p-t-l-mob p-t-m-des e-con-full e-flex e-con e-child\" data-id=\"7232ded\" data-element_type=\"container\">\n\t\t<div class=\"elementor-element elementor-element-ed8747a e-con-full e-flex e-con e-child\" data-id=\"ed8747a\" data-element_type=\"container\">\n\t\t\t\t<div class=\"elementor-element elementor-element-cddb14a animated-slow h2mid p-bt-s elementor-invisible elementor-widget elementor-widget-heading\" data-id=\"cddb14a\" data-element_type=\"widget\" data-settings=\"{&quot;_animation&quot;:&quot;fadeIn&quot;}\" data-widget_type=\"heading.default\">\n\t\t\t\t<div class=\"elementor-widget-container\">\n\t\t\t\t\t<h2 class=\"elementor-heading-title elementor-size-default\">La Festa del Ringraziamento<\/h2>\t\t\t\t<\/div>\n\t\t\t\t<\/div>\n\t\t\t\t<\/div>\n\t\t<div class=\"elementor-element elementor-element-2416520 e-con-full e-flex e-con e-child\" data-id=\"2416520\" data-element_type=\"container\">\n\t\t\t\t<div class=\"elementor-element elementor-element-068b7bd elementor-widget__width-initial textwidth p-bt-m animated-slow elementor-invisible elementor-widget elementor-widget-text-editor\" data-id=\"068b7bd\" data-element_type=\"widget\" data-settings=\"{&quot;_animation&quot;:&quot;fadeIn&quot;}\" data-widget_type=\"text-editor.default\">\n\t\t\t\t<div class=\"elementor-widget-container\">\n\t\t\t\t\t\t\t\t\t<p>Niente a che vedere con quella americana: qui a Bolzano, la Festa del Ringraziamento si svolge a ottobre in Piazza Walther con un grande mercato contadino, e serve a celebrare i generosi doni della stagione del raccolto. <\/p>\t\t\t\t\t\t\t\t<\/div>\n\t\t\t\t<\/div>\n\t\t\t\t<\/div>\n\t\t\t\t<\/div>\n\t\t\t\t<\/div>\n\t\t\t\t\t\t\t\t<\/div>\n\t\t\t\t\t\t\t\t\t\t\t<div class=\"swiper-slide\" data-slide=\"4\" role=\"group\" aria-roledescription=\"slide\" aria-label=\"4 di 4\">\n\t\t\t\t\t\t\t<div class=\"elementor-element elementor-element-8eafe7e e-con-full e-flex e-con e-child\" data-id=\"8eafe7e\" data-element_type=\"container\">\n\t\t\t\t<div class=\"elementor-element elementor-element-a1f47e8 ratio149  animated-slow elementor-invisible elementor-widget elementor-widget-image\" data-id=\"a1f47e8\" data-element_type=\"widget\" data-settings=\"{&quot;_animation&quot;:&quot;fadeIn&quot;}\" data-widget_type=\"image.default\">\n\t\t\t\t<div class=\"elementor-widget-container\">\n\t\t\t\t\t\t\t\t\t\t\t\t\t\t\t<img decoding=\"async\" width=\"1920\" height=\"1304\" src=\"https:\/\/www.trianglhof.eu\/wp-content\/uploads\/2025\/05\/Obstmarkt-Bozen-2.jpg\" class=\"attachment-full size-full wp-image-1192\" alt=\"\" srcset=\"https:\/\/www.trianglhof.eu\/wp-content\/uploads\/2025\/05\/Obstmarkt-Bozen-2.jpg 1920w, https:\/\/www.trianglhof.eu\/wp-content\/uploads\/2025\/05\/Obstmarkt-Bozen-2-300x204.jpg 300w, https:\/\/www.trianglhof.eu\/wp-content\/uploads\/2025\/05\/Obstmarkt-Bozen-2-1024x695.jpg 1024w, https:\/\/www.trianglhof.eu\/wp-content\/uploads\/2025\/05\/Obstmarkt-Bozen-2-768x522.jpg 768w, https:\/\/www.trianglhof.eu\/wp-content\/uploads\/2025\/05\/Obstmarkt-Bozen-2-1536x1043.jpg 1536w\" sizes=\"(max-width: 1920px) 100vw, 1920px\" \/>\t\t\t\t\t\t\t\t\t\t\t\t\t\t\t<\/div>\n\t\t\t\t<\/div>\n\t\t<div class=\"elementor-element elementor-element-5815ace  w-1600 p-t-l-mob p-t-m-des e-con-full e-flex e-con e-child\" data-id=\"5815ace\" data-element_type=\"container\">\n\t\t<div class=\"elementor-element elementor-element-749d6b1 e-con-full e-flex e-con e-child\" data-id=\"749d6b1\" data-element_type=\"container\">\n\t\t\t\t<div class=\"elementor-element elementor-element-2056701 animated-slow h2mid p-bt-s elementor-invisible elementor-widget elementor-widget-heading\" data-id=\"2056701\" data-element_type=\"widget\" data-settings=\"{&quot;_animation&quot;:&quot;fadeIn&quot;}\" data-widget_type=\"heading.default\">\n\t\t\t\t<div class=\"elementor-widget-container\">\n\t\t\t\t\t<h2 class=\"elementor-heading-title elementor-size-default\">I Cantori della Stella <\/h2>\t\t\t\t<\/div>\n\t\t\t\t<\/div>\n\t\t\t\t<\/div>\n\t\t<div class=\"elementor-element elementor-element-2a70c0f e-con-full e-flex e-con e-child\" data-id=\"2a70c0f\" data-element_type=\"container\">\n\t\t\t\t<div class=\"elementor-element elementor-element-496e828 elementor-widget__width-initial textwidth p-bt-m animated-slow elementor-invisible elementor-widget elementor-widget-text-editor\" data-id=\"496e828\" data-element_type=\"widget\" data-settings=\"{&quot;_animation&quot;:&quot;fadeIn&quot;}\" data-widget_type=\"text-editor.default\">\n\t\t\t\t<div class=\"elementor-widget-container\">\n\t\t\t\t\t\t\t\t\t<p>Quella dei Cantori della Stella \u00e8 una tradizione natalizia che vede gruppi di cantori travestiti da Re Magi passare di casa in casa cantando in cambio di offerte. In molti masi, il giorno dell\u2019Epifania si suole benedire il maso con acqua benedetta o bruciando erbe. <\/p>\t\t\t\t\t\t\t\t<\/div>\n\t\t\t\t<\/div>\n\t\t\t\t<\/div>\n\t\t\t\t<\/div>\n\t\t\t\t<\/div>\n\t\t\t\t\t\t\t\t<\/div>\n\t\t\t\t\t\t\t\t<\/div>\n\t\t<\/div>\n\t\t\t\t\t<div class=\"elementor-swiper-button elementor-swiper-button-prev\" role=\"button\" tabindex=\"0\" aria-label=\"Precedente\">\n\t\t\t\t\t\t\t<\/div>\n\t\t\t<div class=\"elementor-swiper-button elementor-swiper-button-next\" role=\"button\" tabindex=\"0\" aria-label=\"Successivo\">\n\t\t\t\t<svg xmlns=\"http:\/\/www.w3.org\/2000\/svg\" width=\"21.038\" height=\"21.038\" viewBox=\"0 0 21.038 21.038\"><g id=\"Gruppe_30\" data-name=\"Gruppe 30\" transform=\"translate(-1138.462 -3894.5)\"><g id=\"Gruppe_9\" data-name=\"Gruppe 9\" transform=\"translate(-716 1068)\"><path id=\"Pfad_6\" data-name=\"Pfad 6\" d=\"M-8294,2819.474h20.538v20.538\" transform=\"translate(10148.462 7.526)\" fill=\"none\" stroke=\"#a9998c\" stroke-width=\"1\"><\/path><path id=\"Pfad_7\" data-name=\"Pfad 7\" d=\"M-8260.641,2827l-20,20\" transform=\"translate(10135.641)\" fill=\"none\" stroke=\"#a9998c\" stroke-width=\"1\"><\/path><\/g><\/g><\/svg>\t\t\t<\/div>\n\t\t\t\t\t\t<\/div>\n\t\t\t\t<\/div>\n\t\t\t\t<\/div>\n\t\t\t\t<\/div>\n\t\t\t\t<\/div>\n\t\t","protected":false},"excerpt":{"rendered":"<p>Passeggiata in citt\u00e0 Highlights e cultura a Bolzano Un fascino unico, tra atmosfere alpine e tocchi mediterranei: Bolzano conquista viaggiatori da tutto il mondo con la sua bellezza, la sua storia e la sua vitalit\u00e0. E il bello \u00e8 che dal Trianglhof ci arrivate in pochi minuti \u2013 a piedi, in bici o con i [&hellip;]<\/p>\n","protected":false},"author":1,"featured_media":0,"parent":0,"menu_order":0,"comment_status":"closed","ping_status":"closed","template":"","meta":{"_acf_changed":false,"footnotes":""},"class_list":["post-1524","page","type-page","status-publish","hentry"],"acf":[],"yoast_head":"<!-- This site is optimized with the Yoast SEO plugin v25.8 - https:\/\/yoast.com\/wordpress\/plugins\/seo\/ -->\n<title>Attrazioni culturali a Bolzano: qualche consiglio<\/title>\n<meta name=\"description\" content=\"State programmando una vacanza a Bolzano? Qui trovate qualche dritta sugli highlight e le attrazioni culturali da non perdere!\" \/>\n<meta name=\"robots\" content=\"index, follow, max-snippet:-1, max-image-preview:large, max-video-preview:-1\" \/>\n<link rel=\"canonical\" href=\"https:\/\/www.trianglhof.eu\/it\/citta-cultura\/\" \/>\n<meta property=\"og:locale\" content=\"it_IT\" \/>\n<meta property=\"og:type\" content=\"article\" \/>\n<meta property=\"og:title\" content=\"Attrazioni culturali a Bolzano: qualche consiglio\" \/>\n<meta property=\"og:description\" content=\"State programmando una vacanza a Bolzano? Qui trovate qualche dritta sugli highlight e le attrazioni culturali da non perdere!\" \/>\n<meta property=\"og:url\" content=\"https:\/\/www.trianglhof.eu\/it\/citta-cultura\/\" \/>\n<meta property=\"og:site_name\" content=\"Triangl\" \/>\n<meta property=\"article:publisher\" content=\"https:\/\/www.facebook.com\/people\/Trianglhof\/100064748764582\/?mibextid=wwXIfr&amp;rdid=DUOOg8gEK1lzQ53A&amp;share_url=https%3a%2f%2fwww.facebook.com%2fshare%2f1H5opSC6uN%2f%3fmibextid%3dwwXIfr\" \/>\n<meta property=\"article:modified_time\" content=\"2025-10-08T10:40:53+00:00\" \/>\n<meta property=\"og:image\" content=\"https:\/\/www.trianglhof.eu\/wp-content\/uploads\/2025\/05\/Stadtplatz-Bozen.jpg\" \/>\n\t<meta property=\"og:image:width\" content=\"1920\" \/>\n\t<meta property=\"og:image:height\" content=\"1280\" \/>\n\t<meta property=\"og:image:type\" content=\"image\/jpeg\" \/>\n<meta name=\"twitter:card\" content=\"summary_large_image\" \/>\n<meta name=\"twitter:label1\" content=\"Tempo di lettura stimato\" \/>\n\t<meta name=\"twitter:data1\" content=\"10 minuti\" \/>\n<script type=\"application\/ld+json\" class=\"yoast-schema-graph\">{\"@context\":\"https:\/\/schema.org\",\"@graph\":[{\"@type\":\"WebPage\",\"@id\":\"https:\/\/www.trianglhof.eu\/it\/citta-cultura\/\",\"url\":\"https:\/\/www.trianglhof.eu\/it\/citta-cultura\/\",\"name\":\"Attrazioni culturali a Bolzano: qualche consiglio\",\"isPartOf\":{\"@id\":\"https:\/\/www.trianglhof.eu\/it\/#website\"},\"primaryImageOfPage\":{\"@id\":\"https:\/\/www.trianglhof.eu\/it\/citta-cultura\/#primaryimage\"},\"image\":{\"@id\":\"https:\/\/www.trianglhof.eu\/it\/citta-cultura\/#primaryimage\"},\"thumbnailUrl\":\"https:\/\/www.trianglhof.eu\/wp-content\/uploads\/2025\/05\/Stadtplatz-Bozen.jpg\",\"datePublished\":\"2025-02-06T08:19:54+00:00\",\"dateModified\":\"2025-10-08T10:40:53+00:00\",\"description\":\"State programmando una vacanza a Bolzano? Qui trovate qualche dritta sugli highlight e le attrazioni culturali da non perdere!\",\"breadcrumb\":{\"@id\":\"https:\/\/www.trianglhof.eu\/it\/citta-cultura\/#breadcrumb\"},\"inLanguage\":\"it-IT\",\"potentialAction\":[{\"@type\":\"ReadAction\",\"target\":[\"https:\/\/www.trianglhof.eu\/it\/citta-cultura\/\"]}]},{\"@type\":\"ImageObject\",\"inLanguage\":\"it-IT\",\"@id\":\"https:\/\/www.trianglhof.eu\/it\/citta-cultura\/#primaryimage\",\"url\":\"https:\/\/www.trianglhof.eu\/wp-content\/uploads\/2025\/05\/Stadtplatz-Bozen.jpg\",\"contentUrl\":\"https:\/\/www.trianglhof.eu\/wp-content\/uploads\/2025\/05\/Stadtplatz-Bozen.jpg\"},{\"@type\":\"BreadcrumbList\",\"@id\":\"https:\/\/www.trianglhof.eu\/it\/citta-cultura\/#breadcrumb\",\"itemListElement\":[{\"@type\":\"ListItem\",\"position\":1,\"name\":\"Startseite\",\"item\":\"https:\/\/www.trianglhof.eu\/it\/\"},{\"@type\":\"ListItem\",\"position\":2,\"name\":\"Citt\u00e0 &amp; cultura\"}]},{\"@type\":\"WebSite\",\"@id\":\"https:\/\/www.trianglhof.eu\/it\/#website\",\"url\":\"https:\/\/www.trianglhof.eu\/it\/\",\"name\":\"Triangl\",\"description\":\"\",\"publisher\":{\"@id\":\"https:\/\/www.trianglhof.eu\/it\/#organization\"},\"potentialAction\":[{\"@type\":\"SearchAction\",\"target\":{\"@type\":\"EntryPoint\",\"urlTemplate\":\"https:\/\/www.trianglhof.eu\/it\/?s={search_term_string}\"},\"query-input\":{\"@type\":\"PropertyValueSpecification\",\"valueRequired\":true,\"valueName\":\"search_term_string\"}}],\"inLanguage\":\"it-IT\"},{\"@type\":\"Organization\",\"@id\":\"https:\/\/www.trianglhof.eu\/it\/#organization\",\"name\":\"Triangl\",\"url\":\"https:\/\/www.trianglhof.eu\/it\/\",\"logo\":{\"@type\":\"ImageObject\",\"inLanguage\":\"it-IT\",\"@id\":\"https:\/\/www.trianglhof.eu\/it\/#\/schema\/logo\/image\/\",\"url\":\"https:\/\/www.trianglhof.eu\/wp-content\/uploads\/2025\/02\/Logo_TRIANGL_Negativ.svg\",\"contentUrl\":\"https:\/\/www.trianglhof.eu\/wp-content\/uploads\/2025\/02\/Logo_TRIANGL_Negativ.svg\",\"width\":122,\"height\":154,\"caption\":\"Triangl\"},\"image\":{\"@id\":\"https:\/\/www.trianglhof.eu\/it\/#\/schema\/logo\/image\/\"},\"sameAs\":[\"https:\/\/www.facebook.com\/people\/Trianglhof\/100064748764582\/?mibextid=wwXIfr&rdid=DUOOg8gEK1lzQ53A&share_url=https:\/\/www.facebook.com\/share\/1H5opSC6uN\/?mibextid=wwXIfr\"]}]}<\/script>\n<!-- \/ Yoast SEO plugin. -->","yoast_head_json":{"title":"Attrazioni culturali a Bolzano: qualche consiglio","description":"State programmando una vacanza a Bolzano? Qui trovate qualche dritta sugli highlight e le attrazioni culturali da non perdere!","robots":{"index":"index","follow":"follow","max-snippet":"max-snippet:-1","max-image-preview":"max-image-preview:large","max-video-preview":"max-video-preview:-1"},"canonical":"https:\/\/www.trianglhof.eu\/it\/citta-cultura\/","og_locale":"it_IT","og_type":"article","og_title":"Attrazioni culturali a Bolzano: qualche consiglio","og_description":"State programmando una vacanza a Bolzano? Qui trovate qualche dritta sugli highlight e le attrazioni culturali da non perdere!","og_url":"https:\/\/www.trianglhof.eu\/it\/citta-cultura\/","og_site_name":"Triangl","article_publisher":"https:\/\/www.facebook.com\/people\/Trianglhof\/100064748764582\/?mibextid=wwXIfr&rdid=DUOOg8gEK1lzQ53A&share_url=https%3a%2f%2fwww.facebook.com%2fshare%2f1H5opSC6uN%2f%3fmibextid%3dwwXIfr","article_modified_time":"2025-10-08T10:40:53+00:00","og_image":[{"width":1920,"height":1280,"url":"https:\/\/www.trianglhof.eu\/wp-content\/uploads\/2025\/05\/Stadtplatz-Bozen.jpg","type":"image\/jpeg"}],"twitter_card":"summary_large_image","twitter_misc":{"Tempo di lettura stimato":"10 minuti"},"schema":{"@context":"https:\/\/schema.org","@graph":[{"@type":"WebPage","@id":"https:\/\/www.trianglhof.eu\/it\/citta-cultura\/","url":"https:\/\/www.trianglhof.eu\/it\/citta-cultura\/","name":"Attrazioni culturali a Bolzano: qualche consiglio","isPartOf":{"@id":"https:\/\/www.trianglhof.eu\/it\/#website"},"primaryImageOfPage":{"@id":"https:\/\/www.trianglhof.eu\/it\/citta-cultura\/#primaryimage"},"image":{"@id":"https:\/\/www.trianglhof.eu\/it\/citta-cultura\/#primaryimage"},"thumbnailUrl":"https:\/\/www.trianglhof.eu\/wp-content\/uploads\/2025\/05\/Stadtplatz-Bozen.jpg","datePublished":"2025-02-06T08:19:54+00:00","dateModified":"2025-10-08T10:40:53+00:00","description":"State programmando una vacanza a Bolzano? Qui trovate qualche dritta sugli highlight e le attrazioni culturali da non perdere!","breadcrumb":{"@id":"https:\/\/www.trianglhof.eu\/it\/citta-cultura\/#breadcrumb"},"inLanguage":"it-IT","potentialAction":[{"@type":"ReadAction","target":["https:\/\/www.trianglhof.eu\/it\/citta-cultura\/"]}]},{"@type":"ImageObject","inLanguage":"it-IT","@id":"https:\/\/www.trianglhof.eu\/it\/citta-cultura\/#primaryimage","url":"https:\/\/www.trianglhof.eu\/wp-content\/uploads\/2025\/05\/Stadtplatz-Bozen.jpg","contentUrl":"https:\/\/www.trianglhof.eu\/wp-content\/uploads\/2025\/05\/Stadtplatz-Bozen.jpg"},{"@type":"BreadcrumbList","@id":"https:\/\/www.trianglhof.eu\/it\/citta-cultura\/#breadcrumb","itemListElement":[{"@type":"ListItem","position":1,"name":"Startseite","item":"https:\/\/www.trianglhof.eu\/it\/"},{"@type":"ListItem","position":2,"name":"Citt\u00e0 &amp; cultura"}]},{"@type":"WebSite","@id":"https:\/\/www.trianglhof.eu\/it\/#website","url":"https:\/\/www.trianglhof.eu\/it\/","name":"Triangl","description":"","publisher":{"@id":"https:\/\/www.trianglhof.eu\/it\/#organization"},"potentialAction":[{"@type":"SearchAction","target":{"@type":"EntryPoint","urlTemplate":"https:\/\/www.trianglhof.eu\/it\/?s={search_term_string}"},"query-input":{"@type":"PropertyValueSpecification","valueRequired":true,"valueName":"search_term_string"}}],"inLanguage":"it-IT"},{"@type":"Organization","@id":"https:\/\/www.trianglhof.eu\/it\/#organization","name":"Triangl","url":"https:\/\/www.trianglhof.eu\/it\/","logo":{"@type":"ImageObject","inLanguage":"it-IT","@id":"https:\/\/www.trianglhof.eu\/it\/#\/schema\/logo\/image\/","url":"https:\/\/www.trianglhof.eu\/wp-content\/uploads\/2025\/02\/Logo_TRIANGL_Negativ.svg","contentUrl":"https:\/\/www.trianglhof.eu\/wp-content\/uploads\/2025\/02\/Logo_TRIANGL_Negativ.svg","width":122,"height":154,"caption":"Triangl"},"image":{"@id":"https:\/\/www.trianglhof.eu\/it\/#\/schema\/logo\/image\/"},"sameAs":["https:\/\/www.facebook.com\/people\/Trianglhof\/100064748764582\/?mibextid=wwXIfr&rdid=DUOOg8gEK1lzQ53A&share_url=https:\/\/www.facebook.com\/share\/1H5opSC6uN\/?mibextid=wwXIfr"]}]}},"_links":{"self":[{"href":"https:\/\/www.trianglhof.eu\/it\/wp-json\/wp\/v2\/pages\/1524","targetHints":{"allow":["GET"]}}],"collection":[{"href":"https:\/\/www.trianglhof.eu\/it\/wp-json\/wp\/v2\/pages"}],"about":[{"href":"https:\/\/www.trianglhof.eu\/it\/wp-json\/wp\/v2\/types\/page"}],"author":[{"embeddable":true,"href":"https:\/\/www.trianglhof.eu\/it\/wp-json\/wp\/v2\/users\/1"}],"replies":[{"embeddable":true,"href":"https:\/\/www.trianglhof.eu\/it\/wp-json\/wp\/v2\/comments?post=1524"}],"version-history":[{"count":3,"href":"https:\/\/www.trianglhof.eu\/it\/wp-json\/wp\/v2\/pages\/1524\/revisions"}],"predecessor-version":[{"id":2290,"href":"https:\/\/www.trianglhof.eu\/it\/wp-json\/wp\/v2\/pages\/1524\/revisions\/2290"}],"wp:attachment":[{"href":"https:\/\/www.trianglhof.eu\/it\/wp-json\/wp\/v2\/media?parent=1524"}],"curies":[{"name":"wp","href":"https:\/\/api.w.org\/{rel}","templated":true}]}}