{"id":1538,"date":"2025-02-06T08:17:59","date_gmt":"2025-02-06T08:17:59","guid":{"rendered":"https:\/\/triangl.muwit.net\/estate-da-sogno\/"},"modified":"2025-07-31T09:49:44","modified_gmt":"2025-07-31T09:49:44","slug":"estate-da-sogno","status":"publish","type":"page","link":"https:\/\/www.trianglhof.eu\/it\/estate-da-sogno\/","title":{"rendered":"Estate da sogno"},"content":{"rendered":"\t\t<div data-elementor-type=\"wp-page\" data-elementor-id=\"1538\" class=\"elementor elementor-1538 elementor-244\" data-elementor-post-type=\"page\">\n\t\t\t\t<div class=\"elementor-element elementor-element-197e6839 e-con-full as-bg-img e-flex e-con e-parent\" data-id=\"197e6839\" data-element_type=\"container\">\n\t\t\t\t<div class=\"elementor-element elementor-element-7eb2f561 entrance-carousell75 elementor-widget elementor-widget-image-carousel\" data-id=\"7eb2f561\" data-element_type=\"widget\" data-settings=\"{&quot;slides_to_show&quot;:&quot;1&quot;,&quot;navigation&quot;:&quot;none&quot;,&quot;autoplay&quot;:&quot;yes&quot;,&quot;pause_on_hover&quot;:&quot;yes&quot;,&quot;pause_on_interaction&quot;:&quot;yes&quot;,&quot;autoplay_speed&quot;:5000,&quot;infinite&quot;:&quot;yes&quot;,&quot;effect&quot;:&quot;slide&quot;,&quot;speed&quot;:500}\" data-widget_type=\"image-carousel.default\">\n\t\t\t\t<div class=\"elementor-widget-container\">\n\t\t\t\t\t\t\t<div class=\"elementor-image-carousel-wrapper swiper\" role=\"region\" aria-roledescription=\"carousel\" aria-label=\"Bild Karussell\" dir=\"ltr\">\n\t\t\t<div class=\"elementor-image-carousel swiper-wrapper\" aria-live=\"off\">\n\t\t\t\t\t\t\t\t<div class=\"swiper-slide\" role=\"group\" aria-roledescription=\"slide\" aria-label=\"1 di 3\"><figure class=\"swiper-slide-inner\"><img decoding=\"async\" class=\"swiper-slide-image\" src=\"https:\/\/www.trianglhof.eu\/wp-content\/uploads\/2025\/06\/smg02893alfi-1.jpg\" alt=\"Wandern in S\u00fcdtirol - Sch\u00f6nste Bergerlebnisse zu zweit\" \/><\/figure><\/div><div class=\"swiper-slide\" role=\"group\" aria-roledescription=\"slide\" aria-label=\"2 di 3\"><figure class=\"swiper-slide-inner\"><img decoding=\"async\" class=\"swiper-slide-image\" src=\"https:\/\/www.trianglhof.eu\/wp-content\/uploads\/2025\/06\/Krokus_Sideshots_0570-1.jpg\" alt=\"Wanderung inmitten von Krokusbl\u00fcten in M\u00f6lten auf dem Salten\" \/><\/figure><\/div><div class=\"swiper-slide\" role=\"group\" aria-roledescription=\"slide\" aria-label=\"3 di 3\"><figure class=\"swiper-slide-inner\"><img decoding=\"async\" class=\"swiper-slide-image\" src=\"https:\/\/www.trianglhof.eu\/wp-content\/uploads\/2025\/05\/Stadtplatz-Bozen.jpg\" alt=\"Stadtplatz Bozen\" \/><\/figure><\/div>\t\t\t<\/div>\n\t\t\t\t\t\t\t\n\t\t\t\t\t\t\t\t\t<\/div>\n\t\t\t\t\t\t<\/div>\n\t\t\t\t<\/div>\n\t\t\t\t<\/div>\n\t\t<div class=\"elementor-element elementor-element-565a169d e-con-full greylink container-i p-l-s p-r-s w-1850 p-b-l e-flex e-con e-parent\" data-id=\"565a169d\" data-element_type=\"container\" data-settings=\"{&quot;background_background&quot;:&quot;classic&quot;}\">\n\t\t\t\t<div class=\"elementor-element elementor-element-13c3d2a6 animated-slow h2div elementor-invisible elementor-widget elementor-widget-heading\" data-id=\"13c3d2a6\" data-element_type=\"widget\" data-settings=\"{&quot;_animation&quot;:&quot;fadeIn&quot;}\" data-widget_type=\"heading.default\">\n\t\t\t\t<div class=\"elementor-widget-container\">\n\t\t\t\t\t<div class=\"elementor-heading-title elementor-size-default\">Dolce Vita <\/div>\t\t\t\t<\/div>\n\t\t\t\t<\/div>\n\t\t<div class=\"elementor-element elementor-element-2bc647e5  w-1600 e-con-full e-flex e-con e-child\" data-id=\"2bc647e5\" data-element_type=\"container\">\n\t\t\t\t<div class=\"elementor-element elementor-element-12cb211a animated-slow p-bt-s elementor-invisible elementor-widget elementor-widget-heading\" data-id=\"12cb211a\" data-element_type=\"widget\" data-settings=\"{&quot;_animation&quot;:&quot;fadeIn&quot;}\" data-widget_type=\"heading.default\">\n\t\t\t\t<div class=\"elementor-widget-container\">\n\t\t\t\t\t<h1 class=\"elementor-heading-title elementor-size-default\">Esperienze estive in citt\u00e0 e in montagna <\/h1>\t\t\t\t<\/div>\n\t\t\t\t<\/div>\n\t\t<div class=\"elementor-element elementor-element-13c9ed65 e-con-full e-flex e-con e-child\" data-id=\"13c9ed65\" data-element_type=\"container\">\n\t\t\t\t<div class=\"elementor-element elementor-element-dc272da elementor-widget__width-initial textwidth p-bt-m animated-slow elementor-invisible elementor-widget elementor-widget-text-editor\" data-id=\"dc272da\" data-element_type=\"widget\" data-settings=\"{&quot;_animation&quot;:&quot;fadeIn&quot;}\" data-widget_type=\"text-editor.default\">\n\t\t\t\t<div class=\"elementor-widget-container\">\n\t\t\t\t\t\t\t\t\t<p>Da secoli il Renon \u00e8 la meta prescelta dai bolzanini per la cosiddetta Sommerfrische, ovvero la villeggiatura estiva per sfuggire al caldo della citt\u00e0. Potete arrivarci facilmente: basta prendere la comoda funivia a pochi passi da noi. Ma se preferite, potete imboccare uno dei tanti sentieri escursionistici o ciclistici che <a href=\"https:\/\/trianglhof.eu\/it\/il-nostro-agriturismo\/\">partono direttamente dal nostro agriturismo<\/a>, o ancora esplorare le vie di Bolzano con le numerose attrazioni. Al Trianglhof vi aspetta una <a href=\"https:\/\/trianglhof.eu\/it\/estate-da-sogno\/\">vacanza estiva varia e rinfrescante<\/a> in tutti i sensi, e non solo grazie alla piscina in giardino!  <\/p>\t\t\t\t\t\t\t\t<\/div>\n\t\t\t\t<\/div>\n\t\t\t\t<div class=\"elementor-element elementor-element-33b1ebb4 ratio149  animated-slow elementor-invisible elementor-widget elementor-widget-image\" data-id=\"33b1ebb4\" data-element_type=\"widget\" data-settings=\"{&quot;_animation&quot;:&quot;fadeIn&quot;}\" data-widget_type=\"image.default\">\n\t\t\t\t<div class=\"elementor-widget-container\">\n\t\t\t\t\t\t\t\t\t\t\t\t\t\t\t<img fetchpriority=\"high\" decoding=\"async\" width=\"1920\" height=\"1280\" src=\"https:\/\/www.trianglhof.eu\/wp-content\/uploads\/2025\/05\/idm05702alfi.jpg\" class=\"attachment-full size-full wp-image-1198\" alt=\"\" srcset=\"https:\/\/www.trianglhof.eu\/wp-content\/uploads\/2025\/05\/idm05702alfi.jpg 1920w, https:\/\/www.trianglhof.eu\/wp-content\/uploads\/2025\/05\/idm05702alfi-300x200.jpg 300w, https:\/\/www.trianglhof.eu\/wp-content\/uploads\/2025\/05\/idm05702alfi-1024x683.jpg 1024w, https:\/\/www.trianglhof.eu\/wp-content\/uploads\/2025\/05\/idm05702alfi-768x512.jpg 768w, https:\/\/www.trianglhof.eu\/wp-content\/uploads\/2025\/05\/idm05702alfi-1536x1024.jpg 1536w\" sizes=\"(max-width: 1920px) 100vw, 1920px\" \/>\t\t\t\t\t\t\t\t\t\t\t\t\t\t\t<\/div>\n\t\t\t\t<\/div>\n\t\t\t\t<\/div>\n\t\t\t\t<\/div>\n\t\t\t\t<\/div>\n\t\t<div class=\"elementor-element elementor-element-350cb67f e-con-full container-i p-l-s p-r-s w-1850 e-flex e-con e-parent\" data-id=\"350cb67f\" data-element_type=\"container\" data-settings=\"{&quot;background_background&quot;:&quot;classic&quot;}\">\n\t\t<div class=\"elementor-element elementor-element-5f86ded6 e-con-full e-flex e-con e-child\" data-id=\"5f86ded6\" data-element_type=\"container\">\n\t\t<div class=\"elementor-element elementor-element-5d7b05dd e-con-full p-r-s-des  e-flex e-con e-child\" data-id=\"5d7b05dd\" data-element_type=\"container\">\n\t\t\t\t<div class=\"elementor-element elementor-element-527d7206 ratio11 animated-slow elementor-invisible elementor-widget elementor-widget-image\" data-id=\"527d7206\" data-element_type=\"widget\" data-settings=\"{&quot;_animation&quot;:&quot;fadeIn&quot;}\" data-widget_type=\"image.default\">\n\t\t\t\t<div class=\"elementor-widget-container\">\n\t\t\t\t\t\t\t\t\t\t\t\t\t\t\t<img decoding=\"async\" width=\"1536\" height=\"1022\" src=\"https:\/\/www.trianglhof.eu\/wp-content\/uploads\/2025\/05\/Ritten-1536x1022.jpg\" class=\"attachment-1536x1536 size-1536x1536 wp-image-1222\" alt=\"\" srcset=\"https:\/\/www.trianglhof.eu\/wp-content\/uploads\/2025\/05\/Ritten-1536x1022.jpg 1536w, https:\/\/www.trianglhof.eu\/wp-content\/uploads\/2025\/05\/Ritten-300x200.jpg 300w, https:\/\/www.trianglhof.eu\/wp-content\/uploads\/2025\/05\/Ritten-1024x682.jpg 1024w, https:\/\/www.trianglhof.eu\/wp-content\/uploads\/2025\/05\/Ritten-768x511.jpg 768w, https:\/\/www.trianglhof.eu\/wp-content\/uploads\/2025\/05\/Ritten.jpg 1920w\" sizes=\"(max-width: 1536px) 100vw, 1536px\" \/>\t\t\t\t\t\t\t\t\t\t\t\t\t\t\t<\/div>\n\t\t\t\t<\/div>\n\t\t\t\t<\/div>\n\t\t<div class=\"elementor-element elementor-element-d97b964 e-con-full p-t-l-mob p-t-m-des e-flex e-con e-child\" data-id=\"d97b964\" data-element_type=\"container\">\n\t\t\t\t<div class=\"elementor-element elementor-element-7797152f animated-slow h2mid p-bt-s elementor-invisible elementor-widget elementor-widget-heading\" data-id=\"7797152f\" data-element_type=\"widget\" data-settings=\"{&quot;_animation&quot;:&quot;fadeIn&quot;}\" data-widget_type=\"heading.default\">\n\t\t\t\t<div class=\"elementor-widget-container\">\n\t\t\t\t\t<h2 class=\"elementor-heading-title elementor-size-default\">Escursioni<\/h2>\t\t\t\t<\/div>\n\t\t\t\t<\/div>\n\t\t\t\t<div class=\"elementor-element elementor-element-ce25305 elementor-widget__width-initial textwidth animated-slow elementor-invisible elementor-widget elementor-widget-text-editor\" data-id=\"ce25305\" data-element_type=\"widget\" data-settings=\"{&quot;_animation&quot;:&quot;fadeIn&quot;}\" data-widget_type=\"text-editor.default\">\n\t\t\t\t<div class=\"elementor-widget-container\">\n\t\t\t\t\t\t\t\t\t<p>Una boccata d\u2019aria fresca di montagna: sul Renon, a Colle o sulle Dolomiti ci sono infiniti sentieri, dai pi\u00f9 facili e adatti alle famiglie ai pi\u00f9 impegnativi. <\/p>\t\t\t\t\t\t\t\t<\/div>\n\t\t\t\t<\/div>\n\t\t\t\t<\/div>\n\t\t\t\t<\/div>\n\t\t\t\t<\/div>\n\t\t<div class=\"elementor-element elementor-element-79e254ce e-con-full container-i p-l-s p-r-s p-b-l  w-1600 e-flex e-con e-parent\" data-id=\"79e254ce\" data-element_type=\"container\" data-settings=\"{&quot;background_background&quot;:&quot;classic&quot;}\">\n\t\t\t\t<div class=\"elementor-element elementor-element-2a2a8764 ratio149  animated-slow elementor-invisible elementor-widget elementor-widget-image\" data-id=\"2a2a8764\" data-element_type=\"widget\" data-settings=\"{&quot;_animation&quot;:&quot;fadeIn&quot;}\" data-widget_type=\"image.default\">\n\t\t\t\t<div class=\"elementor-widget-container\">\n\t\t\t\t\t\t\t\t\t\t\t\t\t\t\t<img decoding=\"async\" width=\"1637\" height=\"1920\" src=\"https:\/\/www.trianglhof.eu\/wp-content\/uploads\/2025\/05\/Talferwiesen-Prati-del-Talvera-Courtesy-Thomas-Roetting.jpg\" class=\"attachment-full size-full wp-image-1234\" alt=\"\" srcset=\"https:\/\/www.trianglhof.eu\/wp-content\/uploads\/2025\/05\/Talferwiesen-Prati-del-Talvera-Courtesy-Thomas-Roetting.jpg 1637w, https:\/\/www.trianglhof.eu\/wp-content\/uploads\/2025\/05\/Talferwiesen-Prati-del-Talvera-Courtesy-Thomas-Roetting-256x300.jpg 256w, https:\/\/www.trianglhof.eu\/wp-content\/uploads\/2025\/05\/Talferwiesen-Prati-del-Talvera-Courtesy-Thomas-Roetting-873x1024.jpg 873w, https:\/\/www.trianglhof.eu\/wp-content\/uploads\/2025\/05\/Talferwiesen-Prati-del-Talvera-Courtesy-Thomas-Roetting-768x901.jpg 768w, https:\/\/www.trianglhof.eu\/wp-content\/uploads\/2025\/05\/Talferwiesen-Prati-del-Talvera-Courtesy-Thomas-Roetting-1310x1536.jpg 1310w\" sizes=\"(max-width: 1637px) 100vw, 1637px\" \/>\t\t\t\t\t\t\t\t\t\t\t\t\t\t\t<\/div>\n\t\t\t\t<\/div>\n\t\t<div class=\"elementor-element elementor-element-1fa8ac32  w-1600 p-t-m-des p-t-l-mob e-con-full e-flex e-con e-child\" data-id=\"1fa8ac32\" data-element_type=\"container\">\n\t\t<div class=\"elementor-element elementor-element-6b223573 e-con-full e-flex e-con e-child\" data-id=\"6b223573\" data-element_type=\"container\">\n\t\t\t\t<div class=\"elementor-element elementor-element-50bf439a animated-slow h2mid p-bt-s elementor-invisible elementor-widget elementor-widget-heading\" data-id=\"50bf439a\" data-element_type=\"widget\" data-settings=\"{&quot;_animation&quot;:&quot;fadeIn&quot;}\" data-widget_type=\"heading.default\">\n\t\t\t\t<div class=\"elementor-widget-container\">\n\t\t\t\t\t<h2 class=\"elementor-heading-title elementor-size-default\">Bici<\/h2>\t\t\t\t<\/div>\n\t\t\t\t<\/div>\n\t\t\t\t<\/div>\n\t\t<div class=\"elementor-element elementor-element-2bfa7bc8 e-con-full e-flex e-con e-child\" data-id=\"2bfa7bc8\" data-element_type=\"container\">\n\t\t\t\t<div class=\"elementor-element elementor-element-3def6c29 elementor-widget__width-initial textwidth animated-slow elementor-invisible elementor-widget elementor-widget-text-editor\" data-id=\"3def6c29\" data-element_type=\"widget\" data-settings=\"{&quot;_animation&quot;:&quot;fadeIn&quot;}\" data-widget_type=\"text-editor.default\">\n\t\t\t\t<div class=\"elementor-widget-container\">\n\t\t\t\t\t\t\t\t\t<p>I percorsi a valle che si snodano dal nostro agriturismo vi portano ovunque vogliate andare\u2026 e se al ritorno sarete stanchi, potrete sempre prendere il treno. <\/p>\t\t\t\t\t\t\t\t<\/div>\n\t\t\t\t<\/div>\n\t\t\t\t<\/div>\n\t\t\t\t<\/div>\n\t\t\t\t<\/div>\n\t\t<div class=\"elementor-element elementor-element-1da592fe e-con-full container-i p-l-s p-r-s p-t-l p-bt-s p-bt-l-mob2 e-flex e-con e-parent\" data-id=\"1da592fe\" data-element_type=\"container\" data-settings=\"{&quot;background_background&quot;:&quot;classic&quot;}\">\n\t\t<div class=\"elementor-element elementor-element-4ea9c419 container-i w-1850 e-con-full e-flex e-con e-child\" data-id=\"4ea9c419\" data-element_type=\"container\">\n\t\t<div class=\"elementor-element elementor-element-6ca20195 e-con-full p-r-s-des e-flex e-con e-child\" data-id=\"6ca20195\" data-element_type=\"container\">\n\t\t\t\t<div class=\"elementor-element elementor-element-4d00cb77 ratio11 animated-slow elementor-invisible elementor-widget elementor-widget-image\" data-id=\"4d00cb77\" data-element_type=\"widget\" data-settings=\"{&quot;_animation&quot;:&quot;fadeIn&quot;}\" data-widget_type=\"image.default\">\n\t\t\t\t<div class=\"elementor-widget-container\">\n\t\t\t\t\t\t\t\t\t\t\t\t\t\t\t<img loading=\"lazy\" decoding=\"async\" width=\"1500\" height=\"1500\" src=\"https:\/\/www.trianglhof.eu\/wp-content\/uploads\/2025\/06\/side-view-adult-climbing-mountains-1.jpg\" class=\"attachment-full size-full wp-image-1266\" alt=\"\" srcset=\"https:\/\/www.trianglhof.eu\/wp-content\/uploads\/2025\/06\/side-view-adult-climbing-mountains-1.jpg 1500w, https:\/\/www.trianglhof.eu\/wp-content\/uploads\/2025\/06\/side-view-adult-climbing-mountains-1-300x300.jpg 300w, https:\/\/www.trianglhof.eu\/wp-content\/uploads\/2025\/06\/side-view-adult-climbing-mountains-1-1024x1024.jpg 1024w, https:\/\/www.trianglhof.eu\/wp-content\/uploads\/2025\/06\/side-view-adult-climbing-mountains-1-150x150.jpg 150w, https:\/\/www.trianglhof.eu\/wp-content\/uploads\/2025\/06\/side-view-adult-climbing-mountains-1-768x768.jpg 768w\" sizes=\"(max-width: 1500px) 100vw, 1500px\" \/>\t\t\t\t\t\t\t\t\t\t\t\t\t\t\t<\/div>\n\t\t\t\t<\/div>\n\t\t\t\t<\/div>\n\t\t<div class=\"elementor-element elementor-element-74fa34d3 e-con-full p-t-l-mob p-t-m-des e-flex e-con e-child\" data-id=\"74fa34d3\" data-element_type=\"container\">\n\t\t\t\t<div class=\"elementor-element elementor-element-1822fc16 animated-slow h2mid p-bt-s elementor-invisible elementor-widget elementor-widget-heading\" data-id=\"1822fc16\" data-element_type=\"widget\" data-settings=\"{&quot;_animation&quot;:&quot;fadeIn&quot;}\" data-widget_type=\"heading.default\">\n\t\t\t\t<div class=\"elementor-widget-container\">\n\t\t\t\t\t<h2 class=\"elementor-heading-title elementor-size-default\">Arrampicata <br>in Val d\u2019Ega<\/h2>\t\t\t\t<\/div>\n\t\t\t\t<\/div>\n\t\t\t\t<div class=\"elementor-element elementor-element-3ad689c elementor-widget__width-initial textwidth animated-slow elementor-invisible elementor-widget elementor-widget-text-editor\" data-id=\"3ad689c\" data-element_type=\"widget\" data-settings=\"{&quot;_animation&quot;:&quot;fadeIn&quot;}\" data-widget_type=\"text-editor.default\">\n\t\t\t\t<div class=\"elementor-widget-container\">\n\t\t\t\t\t\t\t\t\t<p>Voglia di adrenalina e panorami mozzafiato? Le Dolomiti della Val d\u2019Ega vi aspettano con vie ferrate spettacolari, pareti iconiche e itinerari per tutti i livelli. Un\u2019esperienza piena di adrenalina.<\/p>\t\t\t\t\t\t\t\t<\/div>\n\t\t\t\t<\/div>\n\t\t\t\t<\/div>\n\t\t\t\t<\/div>\n\t\t\t\t<\/div>\n\t\t<div class=\"elementor-element elementor-element-8df8e1f e-con-full container-i p-l-s p-r-s p-t-l p-bt-s p-bt-l-mob2 e-flex e-con e-parent\" data-id=\"8df8e1f\" data-element_type=\"container\" data-settings=\"{&quot;background_background&quot;:&quot;classic&quot;}\">\n\t\t<div class=\"elementor-element elementor-element-4024a64d container-i w-1850 e-con-full e-flex e-con e-child\" data-id=\"4024a64d\" data-element_type=\"container\">\n\t\t<div class=\"elementor-element elementor-element-5769ace7 e-con-full p-t-l-mob p-t-m-des e-flex e-con e-child\" data-id=\"5769ace7\" data-element_type=\"container\">\n\t\t\t\t<div class=\"elementor-element elementor-element-7d7d90d0 animated-slow h2mid p-bt-s elementor-invisible elementor-widget elementor-widget-heading\" data-id=\"7d7d90d0\" data-element_type=\"widget\" data-settings=\"{&quot;_animation&quot;:&quot;fadeIn&quot;}\" data-widget_type=\"heading.default\">\n\t\t\t\t<div class=\"elementor-widget-container\">\n\t\t\t\t\t<h2 class=\"elementor-heading-title elementor-size-default\">Jogging sui prati del Talvera<\/h2>\t\t\t\t<\/div>\n\t\t\t\t<\/div>\n\t\t\t\t<div class=\"elementor-element elementor-element-1733f9d0 elementor-widget__width-initial textwidth  animated-slow elementor-invisible elementor-widget elementor-widget-text-editor\" data-id=\"1733f9d0\" data-element_type=\"widget\" data-settings=\"{&quot;_animation&quot;:&quot;fadeIn&quot;}\" data-widget_type=\"text-editor.default\">\n\t\t\t\t<div class=\"elementor-widget-container\">\n\t\t\t\t\t\t\t\t\t<p>Gli ampi prati sulle rive del Talvera, in centro storico, sono perfetti per fare jogging e corsa.<\/p>\t\t\t\t\t\t\t\t<\/div>\n\t\t\t\t<\/div>\n\t\t\t\t<\/div>\n\t\t<div class=\"elementor-element elementor-element-549b8717 e-con-full p-l-s-des e-flex e-con e-child\" data-id=\"549b8717\" data-element_type=\"container\">\n\t\t\t\t<div class=\"elementor-element elementor-element-6ce53940 ratio11 animated-slow elementor-invisible elementor-widget elementor-widget-image\" data-id=\"6ce53940\" data-element_type=\"widget\" data-settings=\"{&quot;_animation&quot;:&quot;fadeIn&quot;}\" data-widget_type=\"image.default\">\n\t\t\t\t<div class=\"elementor-widget-container\">\n\t\t\t\t\t\t\t\t\t\t\t\t\t\t\t<img loading=\"lazy\" decoding=\"async\" width=\"1536\" height=\"1024\" src=\"https:\/\/www.trianglhof.eu\/wp-content\/uploads\/2025\/06\/BOrunning-8-1536x1024.jpg\" class=\"attachment-1536x1536 size-1536x1536 wp-image-1478\" alt=\"Laufen in S\u00fcdtirol - Talferwiesen\" srcset=\"https:\/\/www.trianglhof.eu\/wp-content\/uploads\/2025\/06\/BOrunning-8-1536x1024.jpg 1536w, https:\/\/www.trianglhof.eu\/wp-content\/uploads\/2025\/06\/BOrunning-8-300x200.jpg 300w, https:\/\/www.trianglhof.eu\/wp-content\/uploads\/2025\/06\/BOrunning-8-1024x683.jpg 1024w, https:\/\/www.trianglhof.eu\/wp-content\/uploads\/2025\/06\/BOrunning-8-768x512.jpg 768w, https:\/\/www.trianglhof.eu\/wp-content\/uploads\/2025\/06\/BOrunning-8.jpg 1920w\" sizes=\"(max-width: 1536px) 100vw, 1536px\" \/>\t\t\t\t\t\t\t\t\t\t\t\t\t\t\t<\/div>\n\t\t\t\t<\/div>\n\t\t\t\t<\/div>\n\t\t\t\t<\/div>\n\t\t\t\t<\/div>\n\t\t<div class=\"elementor-element elementor-element-612959f6 e-con-full container-i p-l-s p-r-s p-b-l  w-1600 e-flex e-con e-parent\" data-id=\"612959f6\" data-element_type=\"container\" data-settings=\"{&quot;background_background&quot;:&quot;classic&quot;}\">\n\t\t\t\t<div class=\"elementor-element elementor-element-76b587ed ratio149  animated-slow elementor-invisible elementor-widget elementor-widget-image\" data-id=\"76b587ed\" data-element_type=\"widget\" data-settings=\"{&quot;_animation&quot;:&quot;fadeIn&quot;}\" data-widget_type=\"image.default\">\n\t\t\t\t<div class=\"elementor-widget-container\">\n\t\t\t\t\t\t\t\t\t\t\t\t\t\t\t<img loading=\"lazy\" decoding=\"async\" width=\"1920\" height=\"1280\" src=\"https:\/\/www.trianglhof.eu\/wp-content\/uploads\/2025\/05\/idm05696alfi.jpg\" class=\"attachment-full size-full wp-image-1200\" alt=\"\" srcset=\"https:\/\/www.trianglhof.eu\/wp-content\/uploads\/2025\/05\/idm05696alfi.jpg 1920w, https:\/\/www.trianglhof.eu\/wp-content\/uploads\/2025\/05\/idm05696alfi-300x200.jpg 300w, https:\/\/www.trianglhof.eu\/wp-content\/uploads\/2025\/05\/idm05696alfi-1024x683.jpg 1024w, https:\/\/www.trianglhof.eu\/wp-content\/uploads\/2025\/05\/idm05696alfi-768x512.jpg 768w, https:\/\/www.trianglhof.eu\/wp-content\/uploads\/2025\/05\/idm05696alfi-1536x1024.jpg 1536w\" sizes=\"(max-width: 1920px) 100vw, 1920px\" \/>\t\t\t\t\t\t\t\t\t\t\t\t\t\t\t<\/div>\n\t\t\t\t<\/div>\n\t\t<div class=\"elementor-element elementor-element-5e60ec6e  w-1600 p-t-m-des p-t-l-mob e-con-full e-flex e-con e-child\" data-id=\"5e60ec6e\" data-element_type=\"container\">\n\t\t<div class=\"elementor-element elementor-element-6223c302 e-con-full e-flex e-con e-child\" data-id=\"6223c302\" data-element_type=\"container\">\n\t\t\t\t<div class=\"elementor-element elementor-element-1641d930 animated-slow h2mid p-bt-s elementor-invisible elementor-widget elementor-widget-heading\" data-id=\"1641d930\" data-element_type=\"widget\" data-settings=\"{&quot;_animation&quot;:&quot;fadeIn&quot;}\" data-widget_type=\"heading.default\">\n\t\t\t\t<div class=\"elementor-widget-container\">\n\t\t\t\t\t<h2 class=\"elementor-heading-title elementor-size-default\">La passeggiata di Sant\u2019Osvaldo<\/h2>\t\t\t\t<\/div>\n\t\t\t\t<\/div>\n\t\t\t\t<\/div>\n\t\t<div class=\"elementor-element elementor-element-5d084b1c e-con-full e-flex e-con e-child\" data-id=\"5d084b1c\" data-element_type=\"container\">\n\t\t\t\t<div class=\"elementor-element elementor-element-73ca9312 elementor-widget__width-initial textwidth animated-slow elementor-invisible elementor-widget elementor-widget-text-editor\" data-id=\"73ca9312\" data-element_type=\"widget\" data-settings=\"{&quot;_animation&quot;:&quot;fadeIn&quot;}\" data-widget_type=\"text-editor.default\">\n\t\t\t\t<div class=\"elementor-widget-container\">\n\t\t\t\t\t\t\t\t\t<p>Situata sul soleggiato pendio sopra Bolzano, la passeggiata di Sant\u2019Osvaldo \u00e8 molto apprezzata per i suoi scorci mozzafiato sulla citt\u00e0 e la sua variet\u00e0 di specie botaniche mediterranee.<\/p>\t\t\t\t\t\t\t\t<\/div>\n\t\t\t\t<\/div>\n\t\t\t\t<\/div>\n\t\t\t\t<\/div>\n\t\t\t\t<\/div>\n\t\t<div class=\"elementor-element elementor-element-7f07c7c8 e-con-full container-i p-l-s p-r-s p-t-l p-bt-s p-bt-l-mob2 e-flex e-con e-parent\" data-id=\"7f07c7c8\" data-element_type=\"container\" data-settings=\"{&quot;background_background&quot;:&quot;classic&quot;}\">\n\t\t<div class=\"elementor-element elementor-element-f191a66 container-i w-1850 e-con-full e-flex e-con e-child\" data-id=\"f191a66\" data-element_type=\"container\">\n\t\t<div class=\"elementor-element elementor-element-2e43fe55 e-con-full p-r-s-des e-flex e-con e-child\" data-id=\"2e43fe55\" data-element_type=\"container\">\n\t\t\t\t<div class=\"elementor-element elementor-element-4287139b ratio11 animated-slow elementor-invisible elementor-widget elementor-widget-image\" data-id=\"4287139b\" data-element_type=\"widget\" data-settings=\"{&quot;_animation&quot;:&quot;fadeIn&quot;}\" data-widget_type=\"image.default\">\n\t\t\t\t<div class=\"elementor-widget-container\">\n\t\t\t\t\t\t\t\t\t\t\t\t\t\t\t<img loading=\"lazy\" decoding=\"async\" width=\"1024\" height=\"1536\" src=\"https:\/\/www.trianglhof.eu\/wp-content\/uploads\/2025\/05\/Laubengasse-Portici-Street_via-IDM-Courtesy-Alex-Filtz-1024x1536.jpg\" class=\"attachment-1536x1536 size-1536x1536 wp-image-1230\" alt=\"\" srcset=\"https:\/\/www.trianglhof.eu\/wp-content\/uploads\/2025\/05\/Laubengasse-Portici-Street_via-IDM-Courtesy-Alex-Filtz-1024x1536.jpg 1024w, https:\/\/www.trianglhof.eu\/wp-content\/uploads\/2025\/05\/Laubengasse-Portici-Street_via-IDM-Courtesy-Alex-Filtz-200x300.jpg 200w, https:\/\/www.trianglhof.eu\/wp-content\/uploads\/2025\/05\/Laubengasse-Portici-Street_via-IDM-Courtesy-Alex-Filtz-683x1024.jpg 683w, https:\/\/www.trianglhof.eu\/wp-content\/uploads\/2025\/05\/Laubengasse-Portici-Street_via-IDM-Courtesy-Alex-Filtz-768x1152.jpg 768w, https:\/\/www.trianglhof.eu\/wp-content\/uploads\/2025\/05\/Laubengasse-Portici-Street_via-IDM-Courtesy-Alex-Filtz.jpg 1280w\" sizes=\"(max-width: 1024px) 100vw, 1024px\" \/>\t\t\t\t\t\t\t\t\t\t\t\t\t\t\t<\/div>\n\t\t\t\t<\/div>\n\t\t\t\t<\/div>\n\t\t<div class=\"elementor-element elementor-element-6a05be29 e-con-full p-t-l-mob p-t-m-des e-flex e-con e-child\" data-id=\"6a05be29\" data-element_type=\"container\">\n\t\t\t\t<div class=\"elementor-element elementor-element-694a1e53 animated-slow h2mid p-bt-s elementor-invisible elementor-widget elementor-widget-heading\" data-id=\"694a1e53\" data-element_type=\"widget\" data-settings=\"{&quot;_animation&quot;:&quot;fadeIn&quot;}\" data-widget_type=\"heading.default\">\n\t\t\t\t<div class=\"elementor-widget-container\">\n\t\t\t\t\t<h2 class=\"elementor-heading-title elementor-size-default\">Alla scoperta <br>della citt\u00e0<\/h2>\t\t\t\t<\/div>\n\t\t\t\t<\/div>\n\t\t\t\t<div class=\"elementor-element elementor-element-7718ec29 elementor-widget__width-initial textwidth  animated-slow elementor-invisible elementor-widget elementor-widget-text-editor\" data-id=\"7718ec29\" data-element_type=\"widget\" data-settings=\"{&quot;_animation&quot;:&quot;fadeIn&quot;}\" data-widget_type=\"text-editor.default\">\n\t\t\t\t<div class=\"elementor-widget-container\">\n\t\t\t\t\t\t\t\t\t<p>Un giro sotto i portici, una visita a \u00d6tzi e, magari, una bella coppa gelato da gustare comodamente seduti in piazza. Che meraviglia!   <\/p>\t\t\t\t\t\t\t\t<\/div>\n\t\t\t\t<\/div>\n\t\t\t\t<\/div>\n\t\t\t\t<\/div>\n\t\t\t\t<\/div>\n\t\t<div class=\"elementor-element elementor-element-3045809f e-con-full container-i p-l-s p-r-s p-t-l p-bt-s p-bt-l-mob2 e-flex e-con e-parent\" data-id=\"3045809f\" data-element_type=\"container\" data-settings=\"{&quot;background_background&quot;:&quot;classic&quot;}\">\n\t\t<div class=\"elementor-element elementor-element-62c3d495 container-i w-1850 e-con-full e-flex e-con e-child\" data-id=\"62c3d495\" data-element_type=\"container\">\n\t\t<div class=\"elementor-element elementor-element-5e4c0001 e-con-full p-t-l-mob p-t-m-des e-flex e-con e-child\" data-id=\"5e4c0001\" data-element_type=\"container\">\n\t\t\t\t<div class=\"elementor-element elementor-element-4e3d7b9c animated-slow h2mid p-bt-s elementor-invisible elementor-widget elementor-widget-heading\" data-id=\"4e3d7b9c\" data-element_type=\"widget\" data-settings=\"{&quot;_animation&quot;:&quot;fadeIn&quot;}\" data-widget_type=\"heading.default\">\n\t\t\t\t<div class=\"elementor-widget-container\">\n\t\t\t\t\t<h2 class=\"elementor-heading-title elementor-size-default\">Cin cin! <\/h2>\t\t\t\t<\/div>\n\t\t\t\t<\/div>\n\t\t\t\t<div class=\"elementor-element elementor-element-1aae58ab elementor-widget__width-initial textwidth  animated-slow elementor-invisible elementor-widget elementor-widget-text-editor\" data-id=\"1aae58ab\" data-element_type=\"widget\" data-settings=\"{&quot;_animation&quot;:&quot;fadeIn&quot;}\" data-widget_type=\"text-editor.default\">\n\t\t\t\t<div class=\"elementor-widget-container\">\n\t\t\t\t\t\t\t\t\t<p>Un AperolSpritz, un bicchiere di vino bianco o cocktail fruttato: senza aperitivo, che estate sarebbe?<\/p>\t\t\t\t\t\t\t\t<\/div>\n\t\t\t\t<\/div>\n\t\t\t\t<\/div>\n\t\t<div class=\"elementor-element elementor-element-78041bd8 e-con-full p-l-s-des e-flex e-con e-child\" data-id=\"78041bd8\" data-element_type=\"container\">\n\t\t\t\t<div class=\"elementor-element elementor-element-6753ab3f ratio11 animated-slow elementor-invisible elementor-widget elementor-widget-image\" data-id=\"6753ab3f\" data-element_type=\"widget\" data-settings=\"{&quot;_animation&quot;:&quot;fadeIn&quot;}\" data-widget_type=\"image.default\">\n\t\t\t\t<div class=\"elementor-widget-container\">\n\t\t\t\t\t\t\t\t\t\t\t\t\t\t\t<img loading=\"lazy\" decoding=\"async\" width=\"1025\" height=\"1536\" src=\"https:\/\/www.trianglhof.eu\/wp-content\/uploads\/2025\/05\/Piazza-Walther-Waltherplatz-Courtesy-Thomas-Roetting-1025x1536.jpg\" class=\"attachment-1536x1536 size-1536x1536 wp-image-1232\" alt=\"\" srcset=\"https:\/\/www.trianglhof.eu\/wp-content\/uploads\/2025\/05\/Piazza-Walther-Waltherplatz-Courtesy-Thomas-Roetting-1025x1536.jpg 1025w, https:\/\/www.trianglhof.eu\/wp-content\/uploads\/2025\/05\/Piazza-Walther-Waltherplatz-Courtesy-Thomas-Roetting-200x300.jpg 200w, https:\/\/www.trianglhof.eu\/wp-content\/uploads\/2025\/05\/Piazza-Walther-Waltherplatz-Courtesy-Thomas-Roetting-683x1024.jpg 683w, https:\/\/www.trianglhof.eu\/wp-content\/uploads\/2025\/05\/Piazza-Walther-Waltherplatz-Courtesy-Thomas-Roetting-768x1151.jpg 768w, https:\/\/www.trianglhof.eu\/wp-content\/uploads\/2025\/05\/Piazza-Walther-Waltherplatz-Courtesy-Thomas-Roetting.jpg 1281w\" sizes=\"(max-width: 1025px) 100vw, 1025px\" \/>\t\t\t\t\t\t\t\t\t\t\t\t\t\t\t<\/div>\n\t\t\t\t<\/div>\n\t\t\t\t<\/div>\n\t\t\t\t<\/div>\n\t\t\t\t<\/div>\n\t\t\t\t<\/div>\n\t\t","protected":false},"excerpt":{"rendered":"<p>Dolce Vita Esperienze estive in citt\u00e0 e in montagna Da secoli il Renon \u00e8 la meta prescelta dai bolzanini per la cosiddetta Sommerfrische, ovvero la villeggiatura estiva per sfuggire al caldo della citt\u00e0. Potete arrivarci facilmente: basta prendere la comoda funivia a pochi passi da noi. Ma se preferite, potete imboccare uno dei tanti sentieri [&hellip;]<\/p>\n","protected":false},"author":1,"featured_media":0,"parent":0,"menu_order":0,"comment_status":"closed","ping_status":"closed","template":"","meta":{"_acf_changed":false,"footnotes":""},"class_list":["post-1538","page","type-page","status-publish","hentry"],"acf":[],"yoast_head":"<!-- This site is optimized with the Yoast SEO plugin v25.8 - https:\/\/yoast.com\/wordpress\/plugins\/seo\/ -->\n<title>L\u2019estate? In un agriturismo in Alto Adige con piscina!<\/title>\n<meta name=\"description\" content=\"Un\u2019estate tra relax ed esplorazioni: per la prossima vacanza, scegliete l\u2019agriturismo Trianglhof a Bolzano, dove una giornata non \u00e8 mai uguale all\u2019altra!\" \/>\n<meta name=\"robots\" content=\"index, follow, max-snippet:-1, max-image-preview:large, max-video-preview:-1\" \/>\n<link rel=\"canonical\" href=\"https:\/\/www.trianglhof.eu\/it\/estate-da-sogno\/\" \/>\n<meta property=\"og:locale\" content=\"it_IT\" \/>\n<meta property=\"og:type\" content=\"article\" \/>\n<meta property=\"og:title\" content=\"L\u2019estate? In un agriturismo in Alto Adige con piscina!\" \/>\n<meta property=\"og:description\" content=\"Un\u2019estate tra relax ed esplorazioni: per la prossima vacanza, scegliete l\u2019agriturismo Trianglhof a Bolzano, dove una giornata non \u00e8 mai uguale all\u2019altra!\" \/>\n<meta property=\"og:url\" content=\"https:\/\/www.trianglhof.eu\/it\/estate-da-sogno\/\" \/>\n<meta property=\"og:site_name\" content=\"Triangl\" \/>\n<meta property=\"article:publisher\" content=\"https:\/\/www.facebook.com\/people\/Trianglhof\/100064748764582\/?mibextid=wwXIfr&amp;rdid=DUOOg8gEK1lzQ53A&amp;share_url=https%3a%2f%2fwww.facebook.com%2fshare%2f1H5opSC6uN%2f%3fmibextid%3dwwXIfr\" \/>\n<meta property=\"article:modified_time\" content=\"2025-07-31T09:49:44+00:00\" \/>\n<meta property=\"og:image\" content=\"https:\/\/trianglhof.eu\/wp-content\/uploads\/2025\/06\/smg02893alfi-1.jpg\" \/>\n<meta name=\"twitter:card\" content=\"summary_large_image\" \/>\n<meta name=\"twitter:label1\" content=\"Tempo di lettura stimato\" \/>\n\t<meta name=\"twitter:data1\" content=\"4 minuti\" \/>\n<script type=\"application\/ld+json\" class=\"yoast-schema-graph\">{\"@context\":\"https:\/\/schema.org\",\"@graph\":[{\"@type\":\"WebPage\",\"@id\":\"https:\/\/www.trianglhof.eu\/it\/estate-da-sogno\/\",\"url\":\"https:\/\/www.trianglhof.eu\/it\/estate-da-sogno\/\",\"name\":\"L\u2019estate? In un agriturismo in Alto Adige con piscina!\",\"isPartOf\":{\"@id\":\"https:\/\/www.trianglhof.eu\/it\/#website\"},\"primaryImageOfPage\":{\"@id\":\"https:\/\/www.trianglhof.eu\/it\/estate-da-sogno\/#primaryimage\"},\"image\":{\"@id\":\"https:\/\/www.trianglhof.eu\/it\/estate-da-sogno\/#primaryimage\"},\"thumbnailUrl\":\"https:\/\/trianglhof.eu\/wp-content\/uploads\/2025\/06\/smg02893alfi-1.jpg\",\"datePublished\":\"2025-02-06T08:17:59+00:00\",\"dateModified\":\"2025-07-31T09:49:44+00:00\",\"description\":\"Un\u2019estate tra relax ed esplorazioni: per la prossima vacanza, scegliete l\u2019agriturismo Trianglhof a Bolzano, dove una giornata non \u00e8 mai uguale all\u2019altra!\",\"breadcrumb\":{\"@id\":\"https:\/\/www.trianglhof.eu\/it\/estate-da-sogno\/#breadcrumb\"},\"inLanguage\":\"it-IT\",\"potentialAction\":[{\"@type\":\"ReadAction\",\"target\":[\"https:\/\/www.trianglhof.eu\/it\/estate-da-sogno\/\"]}]},{\"@type\":\"ImageObject\",\"inLanguage\":\"it-IT\",\"@id\":\"https:\/\/www.trianglhof.eu\/it\/estate-da-sogno\/#primaryimage\",\"url\":\"https:\/\/trianglhof.eu\/wp-content\/uploads\/2025\/06\/smg02893alfi-1.jpg\",\"contentUrl\":\"https:\/\/trianglhof.eu\/wp-content\/uploads\/2025\/06\/smg02893alfi-1.jpg\"},{\"@type\":\"BreadcrumbList\",\"@id\":\"https:\/\/www.trianglhof.eu\/it\/estate-da-sogno\/#breadcrumb\",\"itemListElement\":[{\"@type\":\"ListItem\",\"position\":1,\"name\":\"Startseite\",\"item\":\"https:\/\/www.trianglhof.eu\/it\/\"},{\"@type\":\"ListItem\",\"position\":2,\"name\":\"Estate da sogno\"}]},{\"@type\":\"WebSite\",\"@id\":\"https:\/\/www.trianglhof.eu\/it\/#website\",\"url\":\"https:\/\/www.trianglhof.eu\/it\/\",\"name\":\"Triangl\",\"description\":\"\",\"publisher\":{\"@id\":\"https:\/\/www.trianglhof.eu\/it\/#organization\"},\"potentialAction\":[{\"@type\":\"SearchAction\",\"target\":{\"@type\":\"EntryPoint\",\"urlTemplate\":\"https:\/\/www.trianglhof.eu\/it\/?s={search_term_string}\"},\"query-input\":{\"@type\":\"PropertyValueSpecification\",\"valueRequired\":true,\"valueName\":\"search_term_string\"}}],\"inLanguage\":\"it-IT\"},{\"@type\":\"Organization\",\"@id\":\"https:\/\/www.trianglhof.eu\/it\/#organization\",\"name\":\"Triangl\",\"url\":\"https:\/\/www.trianglhof.eu\/it\/\",\"logo\":{\"@type\":\"ImageObject\",\"inLanguage\":\"it-IT\",\"@id\":\"https:\/\/www.trianglhof.eu\/it\/#\/schema\/logo\/image\/\",\"url\":\"https:\/\/www.trianglhof.eu\/wp-content\/uploads\/2025\/02\/Logo_TRIANGL_Negativ.svg\",\"contentUrl\":\"https:\/\/www.trianglhof.eu\/wp-content\/uploads\/2025\/02\/Logo_TRIANGL_Negativ.svg\",\"width\":122,\"height\":154,\"caption\":\"Triangl\"},\"image\":{\"@id\":\"https:\/\/www.trianglhof.eu\/it\/#\/schema\/logo\/image\/\"},\"sameAs\":[\"https:\/\/www.facebook.com\/people\/Trianglhof\/100064748764582\/?mibextid=wwXIfr&rdid=DUOOg8gEK1lzQ53A&share_url=https:\/\/www.facebook.com\/share\/1H5opSC6uN\/?mibextid=wwXIfr\"]}]}<\/script>\n<!-- \/ Yoast SEO plugin. -->","yoast_head_json":{"title":"L\u2019estate? In un agriturismo in Alto Adige con piscina!","description":"Un\u2019estate tra relax ed esplorazioni: per la prossima vacanza, scegliete l\u2019agriturismo Trianglhof a Bolzano, dove una giornata non \u00e8 mai uguale all\u2019altra!","robots":{"index":"index","follow":"follow","max-snippet":"max-snippet:-1","max-image-preview":"max-image-preview:large","max-video-preview":"max-video-preview:-1"},"canonical":"https:\/\/www.trianglhof.eu\/it\/estate-da-sogno\/","og_locale":"it_IT","og_type":"article","og_title":"L\u2019estate? In un agriturismo in Alto Adige con piscina!","og_description":"Un\u2019estate tra relax ed esplorazioni: per la prossima vacanza, scegliete l\u2019agriturismo Trianglhof a Bolzano, dove una giornata non \u00e8 mai uguale all\u2019altra!","og_url":"https:\/\/www.trianglhof.eu\/it\/estate-da-sogno\/","og_site_name":"Triangl","article_publisher":"https:\/\/www.facebook.com\/people\/Trianglhof\/100064748764582\/?mibextid=wwXIfr&rdid=DUOOg8gEK1lzQ53A&share_url=https%3a%2f%2fwww.facebook.com%2fshare%2f1H5opSC6uN%2f%3fmibextid%3dwwXIfr","article_modified_time":"2025-07-31T09:49:44+00:00","og_image":[{"url":"https:\/\/trianglhof.eu\/wp-content\/uploads\/2025\/06\/smg02893alfi-1.jpg","type":"","width":"","height":""}],"twitter_card":"summary_large_image","twitter_misc":{"Tempo di lettura stimato":"4 minuti"},"schema":{"@context":"https:\/\/schema.org","@graph":[{"@type":"WebPage","@id":"https:\/\/www.trianglhof.eu\/it\/estate-da-sogno\/","url":"https:\/\/www.trianglhof.eu\/it\/estate-da-sogno\/","name":"L\u2019estate? In un agriturismo in Alto Adige con piscina!","isPartOf":{"@id":"https:\/\/www.trianglhof.eu\/it\/#website"},"primaryImageOfPage":{"@id":"https:\/\/www.trianglhof.eu\/it\/estate-da-sogno\/#primaryimage"},"image":{"@id":"https:\/\/www.trianglhof.eu\/it\/estate-da-sogno\/#primaryimage"},"thumbnailUrl":"https:\/\/trianglhof.eu\/wp-content\/uploads\/2025\/06\/smg02893alfi-1.jpg","datePublished":"2025-02-06T08:17:59+00:00","dateModified":"2025-07-31T09:49:44+00:00","description":"Un\u2019estate tra relax ed esplorazioni: per la prossima vacanza, scegliete l\u2019agriturismo Trianglhof a Bolzano, dove una giornata non \u00e8 mai uguale all\u2019altra!","breadcrumb":{"@id":"https:\/\/www.trianglhof.eu\/it\/estate-da-sogno\/#breadcrumb"},"inLanguage":"it-IT","potentialAction":[{"@type":"ReadAction","target":["https:\/\/www.trianglhof.eu\/it\/estate-da-sogno\/"]}]},{"@type":"ImageObject","inLanguage":"it-IT","@id":"https:\/\/www.trianglhof.eu\/it\/estate-da-sogno\/#primaryimage","url":"https:\/\/trianglhof.eu\/wp-content\/uploads\/2025\/06\/smg02893alfi-1.jpg","contentUrl":"https:\/\/trianglhof.eu\/wp-content\/uploads\/2025\/06\/smg02893alfi-1.jpg"},{"@type":"BreadcrumbList","@id":"https:\/\/www.trianglhof.eu\/it\/estate-da-sogno\/#breadcrumb","itemListElement":[{"@type":"ListItem","position":1,"name":"Startseite","item":"https:\/\/www.trianglhof.eu\/it\/"},{"@type":"ListItem","position":2,"name":"Estate da sogno"}]},{"@type":"WebSite","@id":"https:\/\/www.trianglhof.eu\/it\/#website","url":"https:\/\/www.trianglhof.eu\/it\/","name":"Triangl","description":"","publisher":{"@id":"https:\/\/www.trianglhof.eu\/it\/#organization"},"potentialAction":[{"@type":"SearchAction","target":{"@type":"EntryPoint","urlTemplate":"https:\/\/www.trianglhof.eu\/it\/?s={search_term_string}"},"query-input":{"@type":"PropertyValueSpecification","valueRequired":true,"valueName":"search_term_string"}}],"inLanguage":"it-IT"},{"@type":"Organization","@id":"https:\/\/www.trianglhof.eu\/it\/#organization","name":"Triangl","url":"https:\/\/www.trianglhof.eu\/it\/","logo":{"@type":"ImageObject","inLanguage":"it-IT","@id":"https:\/\/www.trianglhof.eu\/it\/#\/schema\/logo\/image\/","url":"https:\/\/www.trianglhof.eu\/wp-content\/uploads\/2025\/02\/Logo_TRIANGL_Negativ.svg","contentUrl":"https:\/\/www.trianglhof.eu\/wp-content\/uploads\/2025\/02\/Logo_TRIANGL_Negativ.svg","width":122,"height":154,"caption":"Triangl"},"image":{"@id":"https:\/\/www.trianglhof.eu\/it\/#\/schema\/logo\/image\/"},"sameAs":["https:\/\/www.facebook.com\/people\/Trianglhof\/100064748764582\/?mibextid=wwXIfr&rdid=DUOOg8gEK1lzQ53A&share_url=https:\/\/www.facebook.com\/share\/1H5opSC6uN\/?mibextid=wwXIfr"]}]}},"_links":{"self":[{"href":"https:\/\/www.trianglhof.eu\/it\/wp-json\/wp\/v2\/pages\/1538","targetHints":{"allow":["GET"]}}],"collection":[{"href":"https:\/\/www.trianglhof.eu\/it\/wp-json\/wp\/v2\/pages"}],"about":[{"href":"https:\/\/www.trianglhof.eu\/it\/wp-json\/wp\/v2\/types\/page"}],"author":[{"embeddable":true,"href":"https:\/\/www.trianglhof.eu\/it\/wp-json\/wp\/v2\/users\/1"}],"replies":[{"embeddable":true,"href":"https:\/\/www.trianglhof.eu\/it\/wp-json\/wp\/v2\/comments?post=1538"}],"version-history":[{"count":0,"href":"https:\/\/www.trianglhof.eu\/it\/wp-json\/wp\/v2\/pages\/1538\/revisions"}],"wp:attachment":[{"href":"https:\/\/www.trianglhof.eu\/it\/wp-json\/wp\/v2\/media?parent=1538"}],"curies":[{"name":"wp","href":"https:\/\/api.w.org\/{rel}","templated":true}]}}